{"id":70172,"date":"2025-01-16T12:10:30","date_gmt":"2025-01-16T12:10:45","guid":{"rendered":"https:\/\/listings.mybikeplan.ch\/?post_type=product&#038;p=70172"},"modified":"2025-01-16T14:46:48","modified_gmt":"2025-01-16T14:46:48","slug":"specialized-levo-comp-carbon-g3-nb-black-silver","status":"publish","type":"product","link":"https:\/\/listings.mybikeplan.ch\/fr\/produit\/specialized-levo-comp-carbon-g3-nb-black-silver\/","title":{"rendered":"Specialized LEVO COMP CARBON G3 NB"},"content":{"rendered":"<h2><b>Le plus important sur le Specialized LEVO COMP CARBON G3 NB:<\/b><\/h2>\n<ul>\n<li>Puissance l\u00e9g\u00e8re : le moteur Turbo Full Power 2.2 de Specialized offre une assistance puissante mais douce, id\u00e9ale pour les longues randonn\u00e9es exigeantes.<\/li>\n<li>Autonomie maximale : la batterie int\u00e9gr\u00e9e de 700 Wh te permet de parcourir de longues distances, parfaite pour les aventures prolong\u00e9es et les d\u00e9nivel\u00e9s importants.<\/li>\n<li>Cadre carbone haut de gamme : le FACT 11m Carbon garantit un \u00e9quilibre parfait entre rigidit\u00e9 et l\u00e9g\u00e8ret\u00e9 \u2013 id\u00e9al pour les sentiers techniques et les descentes exigeantes.<\/li>\n<li>\u00c9quipement de qualit\u00e9 sup\u00e9rieure : la transmission SRAM GX Eagle \u00e0 12 vitesses et la suspension FOX Performance (fourche FOX 36 Performance et amortisseur FLOAT X Performance) assurent pr\u00e9cision et contr\u00f4le sur tous les terrains.<\/li>\n<li>G\u00e9om\u00e9trie ajustable : gr\u00e2ce \u00e0 la technologie Flip-Chip, tu peux adapter la g\u00e9om\u00e9trie du v\u00e9lo \u00e0 tes pr\u00e9f\u00e9rences et aux exigences des sentiers.<\/li>\n<li>Int\u00e9gration moderne : le MasterMind TCU (Turbo Connect Unit) te permet de g\u00e9rer facilement la puissance du moteur, d\u2019afficher toutes les donn\u00e9es importantes et de b\u00e9n\u00e9ficier des mises \u00e0 jour OTA.<\/li>\n<\/ul>\n<h2><b>Le Specialized LEVO COMP CARBON G3 NB<\/b><b><strong>\u00a0<\/strong><\/b><b>est parfait pour toi, si tu :<\/b><\/h2>\n<ul>\n<li>Recherches un VTT \u00e9lectrique performant et polyvalent capable de dominer les sentiers les plus difficiles.<\/li>\n<li>Aimes les longues randonn\u00e9es techniques et tu souhaites profiter d\u2019une assistance moteur fiable et puissante.<\/li>\n<li>Appr\u00e9cies des composants haut de gamme et un design moderne et personnalisable.<\/li>\n<li>Veux un v\u00e9lo en carbone haut de gamme offrant un plaisir de conduite maximal et un contr\u00f4le optimal.<\/li>\n<\/ul>\n<h2><b>Recommandation de tailles:<\/b><\/h2>\n<ul>\n<li>S1: 150 &#8211; 160 cm<\/li>\n<li>S2: 157 &#8211; 173 cm<\/li>\n<li>S3: 165 &#8211; 180 cm<\/li>\n<li>S4: 173 &#8211; 188 cm<\/li>\n<li>S5: 178 &#8211; 193 cm<\/li>\n<li>S6: 188 &#8211; 203 cm<\/li>\n<\/ul>\n","protected":false},"excerpt":{"rendered":"<h2><b>\u00c0 propos de Specialized<\/b><\/h2>\n<p><span style=\"font-weight: 400;\">\u00ab\u00a0Fait par des riders, pour des riders\u00a0\u00bb &#8211; selon cette devise, Specialized d\u00e9veloppe des v\u00e9los \u00e9lectriques qui r\u00e9pondent exactement aux besoins des cyclistes. Gr\u00e2ce \u00e0 sa passion pour l&rsquo;innovation et son engagement pour l&rsquo;excellence, l&rsquo;entreprise est devenue l&rsquo;un des noms les plus importants dans le monde du cyclisme. Des citadins aux v\u00e9t\u00e9tistes et aux triathl\u00e8tes : Specialized r\u00e9pond \u00e0 des besoins tr\u00e8s vari\u00e9s.<\/span><\/p>\n","protected":false},"featured_media":70187,"comment_status":"open","ping_status":"closed","template":"","meta":{"_acf_changed":false},"product_brand":[],"product_cat":[10082,10185,10157,10160,10159,10184,10186,12384,10148,10080,10173,10096],"product_tag":[],"class_list":{"0":"post-70172","1":"product","2":"type-product","3":"status-publish","4":"has-post-thumbnail","6":"product_cat-25-km","7":"product_cat-diamant","8":"product_cat-e-bikes","9":"product_cat-e-mountain-fully","10":"product_cat-e-mountain","11":"product_cat-femmes","12":"product_cat-hommes","13":"product_cat-is_2025","14":"product_cat-marque-specialized","15":"product_cat-mybikeplan","16":"product_cat-noir","17":"product_cat-alle-e-bikes","18":"pa_battery-specialized-m3-700-integrated-battery-700wh-fr","19":"pa_battery-size-700-wh","20":"pa_brand-specialized","21":"pa_cassette-sram-xg-1275-12-speed-10-52t-fr","22":"pa_filters-color-noir","23":"pa_fork-fox-36-rhythm-29-s2-s6-160mm-s1-150mm-grip-damper-fr","24":"pa_frame-variant-diamant","25":"pa_gear-change-sram-x01-eagle-12-speed-fr","26":"pa_gears-12-gaenge-fr","27":"pa_hex-color-000000-fr","28":"pa_motor-specialized-2-2-custom-rx-trail-tuned-motor-fr","29":"pa_range-130-150-km-fr","30":"pa_rider-height-150-155-cm","31":"pa_rider-height-155-160-cm","32":"pa_rider-height-160-165-cm","33":"pa_rider-height-165-170-cm","34":"pa_rider-height-170-175-cm","35":"pa_rider-height-175-180-cm","36":"pa_rider-height-180-185-cm","37":"pa_rider-height-185-190-cm","38":"pa_rider-height-190-195-cm","39":"pa_rider-height-195-200-cm","40":"pa_rider-height-200-205-cm","41":"pa_sizes-s1-fr","42":"pa_sizes-s2-fr","43":"pa_sizes-s3-fr","44":"pa_sizes-s4-fr","45":"pa_sizes-s5-fr","46":"pa_sizes-s6-fr","47":"pa_speed-25-km-heure","48":"pa_suspension-travel-s1-150-mm-s2-s6-160-mm-fr","49":"pa_wheel-size-vorderrad-29-zoll-hinterrad-275-zoll-fr","51":"first","52":"instock","53":"shipping-taxable","54":"purchasable","55":"product-type-variable"},"acf":[],"yoast_head":"<!-- This site is optimized with the Yoast SEO plugin v24.5 - https:\/\/yoast.com\/wordpress\/plugins\/seo\/ -->\n<title>Specialized LEVO COMP CARBON G3 NB | E-Bike | 0% int\u00e9r\u00eat CH<\/title>\n<meta name=\"description\" content=\"Ach\u00e8te le Specialized LEVO COMP CARBON G3 NB et rembourse-le facilement par mois avec 0% d&#039;int\u00e9r\u00eat ! Profites-en et commence \u00e0 rouler rapidement.\" \/>\n<meta name=\"robots\" content=\"noindex, follow, max-snippet:-1, max-image-preview:large, max-video-preview:-1\" \/>\n<meta property=\"og:locale\" content=\"fr_FR\" \/>\n<meta property=\"og:type\" content=\"article\" \/>\n<meta property=\"og:title\" content=\"Specialized LEVO COMP CARBON G3 NB | E-Bike | 0% int\u00e9r\u00eat CH\" \/>\n<meta property=\"og:description\" content=\"Ach\u00e8te le Specialized LEVO COMP CARBON G3 NB et rembourse-le facilement par mois avec 0% d&#039;int\u00e9r\u00eat ! Profites-en et commence \u00e0 rouler rapidement.\" \/>\n<meta property=\"og:url\" content=\"https:\/\/listings.mybikeplan.ch\/fr\/produit\/specialized-levo-comp-carbon-g3-nb-black-silver\/\" \/>\n<meta property=\"og:site_name\" content=\"MyBikePlan\" \/>\n<meta property=\"article:modified_time\" content=\"2025-01-16T14:46:48+00:00\" \/>\n<meta property=\"og:image\" content=\"https:\/\/listings.mybikeplan.ch\/wp-content\/uploads\/2025\/01\/Untitled-design-3-10.jpg\" \/>\n\t<meta property=\"og:image:width\" content=\"1080\" \/>\n\t<meta property=\"og:image:height\" content=\"1080\" \/>\n\t<meta property=\"og:image:type\" content=\"image\/jpeg\" \/>\n<meta name=\"twitter:card\" content=\"summary_large_image\" \/>\n<meta name=\"twitter:label1\" content=\"Dur\u00e9e de lecture estim\u00e9e\" \/>\n\t<meta name=\"twitter:data1\" content=\"1 minute\" \/>\n<script type=\"application\/ld+json\" class=\"yoast-schema-graph\">{\"@context\":\"https:\/\/schema.org\",\"@graph\":[{\"@type\":\"WebPage\",\"@id\":\"https:\/\/listings.mybikeplan.ch\/fr\/produit\/specialized-levo-comp-carbon-g3-nb-black-silver\/\",\"url\":\"https:\/\/listings.mybikeplan.ch\/fr\/produit\/specialized-levo-comp-carbon-g3-nb-black-silver\/\",\"name\":\"Specialized LEVO COMP CARBON G3 NB | E-Bike | 0% int\u00e9r\u00eat CH\",\"isPartOf\":{\"@id\":\"https:\/\/listings.mybikeplan.ch\/fr\/#website\"},\"primaryImageOfPage\":{\"@id\":\"https:\/\/listings.mybikeplan.ch\/fr\/produit\/specialized-levo-comp-carbon-g3-nb-black-silver\/#primaryimage\"},\"image\":{\"@id\":\"https:\/\/listings.mybikeplan.ch\/fr\/produit\/specialized-levo-comp-carbon-g3-nb-black-silver\/#primaryimage\"},\"thumbnailUrl\":\"https:\/\/listings.mybikeplan.ch\/wp-content\/uploads\/2025\/01\/Untitled-design-3-10.jpg\",\"datePublished\":\"2025-01-16T12:10:45+00:00\",\"dateModified\":\"2025-01-16T14:46:48+00:00\",\"description\":\"Ach\u00e8te le Specialized LEVO COMP CARBON G3 NB et rembourse-le facilement par mois avec 0% d'int\u00e9r\u00eat ! Profites-en et commence \u00e0 rouler rapidement.\",\"breadcrumb\":{\"@id\":\"https:\/\/listings.mybikeplan.ch\/fr\/produit\/specialized-levo-comp-carbon-g3-nb-black-silver\/#breadcrumb\"},\"inLanguage\":\"fr-FR\",\"potentialAction\":[{\"@type\":\"ReadAction\",\"target\":[\"https:\/\/listings.mybikeplan.ch\/fr\/produit\/specialized-levo-comp-carbon-g3-nb-black-silver\/\"]}]},{\"@type\":\"ImageObject\",\"inLanguage\":\"fr-FR\",\"@id\":\"https:\/\/listings.mybikeplan.ch\/fr\/produit\/specialized-levo-comp-carbon-g3-nb-black-silver\/#primaryimage\",\"url\":\"https:\/\/listings.mybikeplan.ch\/wp-content\/uploads\/2025\/01\/Untitled-design-3-10.jpg\",\"contentUrl\":\"https:\/\/listings.mybikeplan.ch\/wp-content\/uploads\/2025\/01\/Untitled-design-3-10.jpg\",\"width\":1080,\"height\":1080},{\"@type\":\"BreadcrumbList\",\"@id\":\"https:\/\/listings.mybikeplan.ch\/fr\/produit\/specialized-levo-comp-carbon-g3-nb-black-silver\/#breadcrumb\",\"itemListElement\":[{\"@type\":\"ListItem\",\"position\":1,\"name\":\"Home\",\"item\":\"https:\/\/listings.mybikeplan.ch\/fr\/home\/\"},{\"@type\":\"ListItem\",\"position\":2,\"name\":\"Specialized LEVO COMP CARBON G3 NB\"}]},{\"@type\":\"WebSite\",\"@id\":\"https:\/\/listings.mybikeplan.ch\/fr\/#website\",\"url\":\"https:\/\/listings.mybikeplan.ch\/fr\/\",\"name\":\"MyBikePlan\",\"description\":\"\",\"potentialAction\":[{\"@type\":\"SearchAction\",\"target\":{\"@type\":\"EntryPoint\",\"urlTemplate\":\"https:\/\/listings.mybikeplan.ch\/fr\/?s={search_term_string}\"},\"query-input\":{\"@type\":\"PropertyValueSpecification\",\"valueRequired\":true,\"valueName\":\"search_term_string\"}}],\"inLanguage\":\"fr-FR\"}]}<\/script>\n<!-- \/ Yoast SEO plugin. -->","yoast_head_json":{"title":"Specialized LEVO COMP CARBON G3 NB | E-Bike | 0% int\u00e9r\u00eat CH","description":"Ach\u00e8te le Specialized LEVO COMP CARBON G3 NB et rembourse-le facilement par mois avec 0% d'int\u00e9r\u00eat ! Profites-en et commence \u00e0 rouler rapidement.","robots":{"index":"noindex","follow":"follow","max-snippet":"max-snippet:-1","max-image-preview":"max-image-preview:large","max-video-preview":"max-video-preview:-1"},"og_locale":"fr_FR","og_type":"article","og_title":"Specialized LEVO COMP CARBON G3 NB | E-Bike | 0% int\u00e9r\u00eat CH","og_description":"Ach\u00e8te le Specialized LEVO COMP CARBON G3 NB et rembourse-le facilement par mois avec 0% d'int\u00e9r\u00eat ! Profites-en et commence \u00e0 rouler rapidement.","og_url":"https:\/\/listings.mybikeplan.ch\/fr\/produit\/specialized-levo-comp-carbon-g3-nb-black-silver\/","og_site_name":"MyBikePlan","article_modified_time":"2025-01-16T14:46:48+00:00","og_image":[{"width":1080,"height":1080,"url":"https:\/\/listings.mybikeplan.ch\/wp-content\/uploads\/2025\/01\/Untitled-design-3-10.jpg","type":"image\/jpeg"}],"twitter_card":"summary_large_image","twitter_misc":{"Dur\u00e9e de lecture estim\u00e9e":"1 minute"},"schema":{"@context":"https:\/\/schema.org","@graph":[{"@type":"WebPage","@id":"https:\/\/listings.mybikeplan.ch\/fr\/produit\/specialized-levo-comp-carbon-g3-nb-black-silver\/","url":"https:\/\/listings.mybikeplan.ch\/fr\/produit\/specialized-levo-comp-carbon-g3-nb-black-silver\/","name":"Specialized LEVO COMP CARBON G3 NB | E-Bike | 0% int\u00e9r\u00eat CH","isPartOf":{"@id":"https:\/\/listings.mybikeplan.ch\/fr\/#website"},"primaryImageOfPage":{"@id":"https:\/\/listings.mybikeplan.ch\/fr\/produit\/specialized-levo-comp-carbon-g3-nb-black-silver\/#primaryimage"},"image":{"@id":"https:\/\/listings.mybikeplan.ch\/fr\/produit\/specialized-levo-comp-carbon-g3-nb-black-silver\/#primaryimage"},"thumbnailUrl":"https:\/\/listings.mybikeplan.ch\/wp-content\/uploads\/2025\/01\/Untitled-design-3-10.jpg","datePublished":"2025-01-16T12:10:45+00:00","dateModified":"2025-01-16T14:46:48+00:00","description":"Ach\u00e8te le Specialized LEVO COMP CARBON G3 NB et rembourse-le facilement par mois avec 0% d'int\u00e9r\u00eat ! Profites-en et commence \u00e0 rouler rapidement.","breadcrumb":{"@id":"https:\/\/listings.mybikeplan.ch\/fr\/produit\/specialized-levo-comp-carbon-g3-nb-black-silver\/#breadcrumb"},"inLanguage":"fr-FR","potentialAction":[{"@type":"ReadAction","target":["https:\/\/listings.mybikeplan.ch\/fr\/produit\/specialized-levo-comp-carbon-g3-nb-black-silver\/"]}]},{"@type":"ImageObject","inLanguage":"fr-FR","@id":"https:\/\/listings.mybikeplan.ch\/fr\/produit\/specialized-levo-comp-carbon-g3-nb-black-silver\/#primaryimage","url":"https:\/\/listings.mybikeplan.ch\/wp-content\/uploads\/2025\/01\/Untitled-design-3-10.jpg","contentUrl":"https:\/\/listings.mybikeplan.ch\/wp-content\/uploads\/2025\/01\/Untitled-design-3-10.jpg","width":1080,"height":1080},{"@type":"BreadcrumbList","@id":"https:\/\/listings.mybikeplan.ch\/fr\/produit\/specialized-levo-comp-carbon-g3-nb-black-silver\/#breadcrumb","itemListElement":[{"@type":"ListItem","position":1,"name":"Home","item":"https:\/\/listings.mybikeplan.ch\/fr\/home\/"},{"@type":"ListItem","position":2,"name":"Specialized LEVO COMP CARBON G3 NB"}]},{"@type":"WebSite","@id":"https:\/\/listings.mybikeplan.ch\/fr\/#website","url":"https:\/\/listings.mybikeplan.ch\/fr\/","name":"MyBikePlan","description":"","potentialAction":[{"@type":"SearchAction","target":{"@type":"EntryPoint","urlTemplate":"https:\/\/listings.mybikeplan.ch\/fr\/?s={search_term_string}"},"query-input":{"@type":"PropertyValueSpecification","valueRequired":true,"valueName":"search_term_string"}}],"inLanguage":"fr-FR"}]}},"_links":{"self":[{"href":"https:\/\/listings.mybikeplan.ch\/fr\/wp-json\/wp\/v2\/product\/70172","targetHints":{"allow":["GET"]}}],"collection":[{"href":"https:\/\/listings.mybikeplan.ch\/fr\/wp-json\/wp\/v2\/product"}],"about":[{"href":"https:\/\/listings.mybikeplan.ch\/fr\/wp-json\/wp\/v2\/types\/product"}],"replies":[{"embeddable":true,"href":"https:\/\/listings.mybikeplan.ch\/fr\/wp-json\/wp\/v2\/comments?post=70172"}],"wp:featuredmedia":[{"embeddable":true,"href":"https:\/\/listings.mybikeplan.ch\/fr\/wp-json\/wp\/v2\/media\/70187"}],"wp:attachment":[{"href":"https:\/\/listings.mybikeplan.ch\/fr\/wp-json\/wp\/v2\/media?parent=70172"}],"wp:term":[{"taxonomy":"product_brand","embeddable":true,"href":"https:\/\/listings.mybikeplan.ch\/fr\/wp-json\/wp\/v2\/product_brand?post=70172"},{"taxonomy":"product_cat","embeddable":true,"href":"https:\/\/listings.mybikeplan.ch\/fr\/wp-json\/wp\/v2\/product_cat?post=70172"},{"taxonomy":"product_tag","embeddable":true,"href":"https:\/\/listings.mybikeplan.ch\/fr\/wp-json\/wp\/v2\/product_tag?post=70172"}],"curies":[{"name":"wp","href":"https:\/\/api.w.org\/{rel}","templated":true}]}}