{"id":61458,"date":"2024-04-19T11:35:31","date_gmt":"2024-04-19T14:06:48","guid":{"rendered":"https:\/\/listings.mybikeplan.ch\/?post_type=product&#038;p=61458"},"modified":"2024-04-19T14:08:12","modified_gmt":"2024-04-19T14:08:12","slug":"thoemus-lightrider-e2-pro-black","status":"publish","type":"product","link":"https:\/\/listings.mybikeplan.ch\/fr\/produit\/thoemus-lightrider-e2-pro-black\/","title":{"rendered":"Th\u00f6mus Lightrider E2 Pro"},"content":{"rendered":"<h2><b>Les faits importants sur le Th\u00f6mus Lightrider E2 Pro :<\/b><\/h2>\n<div class=\"col-lg-6 col-12 specification ng-star-inserted expanded\">\n<ul>\n<li>VTT \u00e9lectrique l\u00e9ger<\/li>\n<li>Tout suspendu avec 160 mm de d\u00e9battement<\/li>\n<li>de la marque culte suisse Th\u00f6mus<\/li>\n<\/ul>\n<\/div>\n<h2><b>Le Th\u00f6mus Lightrider E2 Pro est parfait pour toi si tu :<\/b><\/h2>\n<ul>\n<li aria-level=\"1\">cherches un E-MTB de haute qualit\u00e9<\/li>\n<li aria-level=\"1\">tu veux miser sur la qualit\u00e9 suisse<\/li>\n<li aria-level=\"1\">tu ne veux pas faire de compromis sur tes sensations de conduite<\/li>\n<\/ul>\n<h2><b>Recommandation de taille:<\/b><\/h2>\n<ul>\n<li>S = &lt; 170 cm<\/li>\n<li>M = 168 \u2013 182 cm<\/li>\n<li>L = 178 \u2013 192 cm<\/li>\n<li>XL = &gt; 190 cm<\/li>\n<\/ul>\n","protected":false},"excerpt":{"rendered":"<h2>Th\u00f6mus Lightrider E2 Pro<\/h2>\n<div class=\"item col-md-4 col-sm-12\">\n<p>Le Lightrider E2 est la machine parfaite pour l&rsquo;entra\u00eenement et la randonn\u00e9e. Puissante, comp\u00e9titive, avec une grande autonomie, elle se recharge rapidement. Il offre en outre de nombreuses variantes de r\u00e9glage et est \u00e9quip\u00e9 de mani\u00e8re comp\u00e9titive. Une adh\u00e9rence sans pr\u00e9c\u00e9dent de la roue arri\u00e8re est compl\u00e9t\u00e9e par une traction impressionnante en mont\u00e9e. En descente, l&rsquo;excellente g\u00e9om\u00e9trie du cadre et les syst\u00e8mes de suspension et de freinage performants permettent de disposer d&rsquo;une fluidit\u00e9 et d&rsquo;une stabilit\u00e9 de trajectoire maximales. Ce VTT \u00e9lectrique r\u00e9volutionnaire peut \u00eatre adapt\u00e9 \u00e0 tous les groupes d&rsquo;utilisateurs et \u00e0 tous les domaines d&rsquo;utilisation.<\/p>\n<\/div>\n<h2><b>\u00c0 propos de Th\u00f6mus<\/b><\/h2>\n<div class=\"pb-5 mt-5 \">\n<div class=\"container\">\n<div class=\"row align-items-center null\">\n<div class=\"col-12 col-lg-6\">\n<div class=\"row\">\n<div class=\"col-12 col-lg-9\">\n<div id=\"\" class=\"Typography_bodyLg__zXP4k text-secondary\">\n<div class=\"row\">\n<div class=\"col-12\">\n<div id=\"\" class=\"Typography_bodyLg__zXP4k \">\n<p>Depuis plus de 30 ans d\u00e9j\u00e0, Th\u00f6mus est synonyme de haute technologie cycliste suisse. Cela fait quatre ans que le m\u00e9daill\u00e9 olympique Mathias Fl\u00fcckiger mise lui aussi sur la marque bernoise. \u00ab\u00a0Swiss made to fascinate\u00a0\u00bb, slogan de l&rsquo;entreprise, ce qui lui permet de se distinguer par des d\u00e9lais de livraison tr\u00e8s rapides, m\u00eame en plein boom du v\u00e9lo!<\/p>\n<\/div>\n<\/div>\n<\/div>\n<\/div>\n<\/div>\n<\/div>\n<\/div>\n<\/div>\n<\/div>\n<\/div>\n","protected":false},"featured_media":61473,"comment_status":"open","ping_status":"closed","template":"","meta":{"_acf_changed":false},"product_brand":[],"product_cat":[10082,10185,10157,10160,10159,10184,10168,10186,10153,10080,10173,10190,10096],"product_tag":[],"class_list":{"0":"post-61458","1":"product","2":"type-product","3":"status-publish","4":"has-post-thumbnail","6":"product_cat-25-km","7":"product_cat-diamant","8":"product_cat-e-bikes","9":"product_cat-e-mountain-fully","10":"product_cat-e-mountain","11":"product_cat-femmes","12":"product_cat-gris","13":"product_cat-hommes","14":"product_cat-marque-thoemus","15":"product_cat-mybikeplan","16":"product_cat-noir","17":"product_cat-swiss-made","18":"product_cat-alle-e-bikes","19":"pa_battery-size-726-wh","20":"pa_brakes-freins-deore-a-4-pistons","21":"pa_brakes-front-203-mm-fr","22":"pa_brakes-rear-203-mm-fr","23":"pa_brand-thoemus","24":"pa_filters-color-gris","25":"pa_filters-color-noir","26":"pa_frame-variant-diamant","27":"pa_gear-change-slx-12-fach-34-10-51-fr","28":"pa_gears-12-gaenge-fr","29":"pa_hex-color-303030-fr","30":"pa_motor-moteur-shimano-steps-du-ep801-85nm","31":"pa_motor-brand-shimano","32":"pa_motor-strength-85-nm-fr","33":"pa_rider-height-160-165-cm","34":"pa_rider-height-165-170-cm","35":"pa_rider-height-170-175-cm","36":"pa_rider-height-175-180-cm","37":"pa_rider-height-180-185-cm","38":"pa_rider-height-185-190-cm","39":"pa_rider-height-190-195-cm","40":"pa_rider-height-195-200-cm","41":"pa_seat-tube-length-l-fr","42":"pa_seat-tube-length-m-fr","43":"pa_seat-tube-length-s-fr","44":"pa_seat-tube-length-xl-fr","45":"pa_sizes-l-fr","46":"pa_sizes-m-fr","47":"pa_sizes-s-fr","48":"pa_sizes-xl-fr","49":"pa_speed-25-km-heure","50":"pa_suspension-travel-160-mm-fr","51":"pa_weight-21-9-kg-fr","52":"pa_wheel-size-29-fr","54":"first","55":"instock","56":"shipping-taxable","57":"purchasable","58":"product-type-variable"},"acf":[],"yoast_head":"<!-- This site is optimized with the Yoast SEO plugin v24.5 - https:\/\/yoast.com\/wordpress\/plugins\/seo\/ -->\n<title>Th\u00f6mus Lightrider E2 Pro | V\u00e9lo \u00e9lectrique | 0% d&#039;int\u00e9r\u00eat<\/title>\n<meta name=\"description\" content=\"Commande le Th\u00f6mus Lightrider E2 Pro E-Bike en mensualit\u00e9s avec 0% d&#039;int\u00e9r\u00eat et profite d&#039;une livraison gratuite partout en Suisse!\" \/>\n<meta name=\"robots\" content=\"noindex, follow, max-snippet:-1, max-image-preview:large, max-video-preview:-1\" \/>\n<meta property=\"og:locale\" content=\"fr_FR\" \/>\n<meta property=\"og:type\" content=\"article\" \/>\n<meta property=\"og:title\" content=\"Th\u00f6mus Lightrider E2 Pro | V\u00e9lo \u00e9lectrique | 0% d&#039;int\u00e9r\u00eat\" \/>\n<meta property=\"og:description\" content=\"Commande le Th\u00f6mus Lightrider E2 Pro E-Bike en mensualit\u00e9s avec 0% d&#039;int\u00e9r\u00eat et profite d&#039;une livraison gratuite partout en Suisse!\" \/>\n<meta property=\"og:url\" content=\"https:\/\/listings.mybikeplan.ch\/fr\/produit\/thoemus-lightrider-e2-pro-black\/\" \/>\n<meta property=\"og:site_name\" content=\"MyBikePlan\" \/>\n<meta property=\"article:modified_time\" content=\"2024-04-19T14:08:12+00:00\" \/>\n<meta property=\"og:image\" content=\"https:\/\/listings.mybikeplan.ch\/wp-content\/uploads\/2024\/04\/Thomus-Lightrider-E2-Pro.jpg\" \/>\n\t<meta property=\"og:image:width\" content=\"1000\" \/>\n\t<meta property=\"og:image:height\" content=\"1000\" \/>\n\t<meta property=\"og:image:type\" content=\"image\/jpeg\" \/>\n<meta name=\"twitter:card\" content=\"summary_large_image\" \/>\n<script type=\"application\/ld+json\" class=\"yoast-schema-graph\">{\"@context\":\"https:\/\/schema.org\",\"@graph\":[{\"@type\":\"WebPage\",\"@id\":\"https:\/\/listings.mybikeplan.ch\/fr\/produit\/thoemus-lightrider-e2-pro-black\/\",\"url\":\"https:\/\/listings.mybikeplan.ch\/fr\/produit\/thoemus-lightrider-e2-pro-black\/\",\"name\":\"Th\u00f6mus Lightrider E2 Pro | V\u00e9lo \u00e9lectrique | 0% d'int\u00e9r\u00eat\",\"isPartOf\":{\"@id\":\"https:\/\/listings.mybikeplan.ch\/fr\/#website\"},\"primaryImageOfPage\":{\"@id\":\"https:\/\/listings.mybikeplan.ch\/fr\/produit\/thoemus-lightrider-e2-pro-black\/#primaryimage\"},\"image\":{\"@id\":\"https:\/\/listings.mybikeplan.ch\/fr\/produit\/thoemus-lightrider-e2-pro-black\/#primaryimage\"},\"thumbnailUrl\":\"https:\/\/listings.mybikeplan.ch\/wp-content\/uploads\/2024\/04\/Thomus-Lightrider-E2-Pro.jpg\",\"datePublished\":\"2024-04-19T14:06:48+00:00\",\"dateModified\":\"2024-04-19T14:08:12+00:00\",\"description\":\"Commande le Th\u00f6mus Lightrider E2 Pro E-Bike en mensualit\u00e9s avec 0% d'int\u00e9r\u00eat et profite d'une livraison gratuite partout en Suisse!\",\"breadcrumb\":{\"@id\":\"https:\/\/listings.mybikeplan.ch\/fr\/produit\/thoemus-lightrider-e2-pro-black\/#breadcrumb\"},\"inLanguage\":\"fr-FR\",\"potentialAction\":[{\"@type\":\"ReadAction\",\"target\":[\"https:\/\/listings.mybikeplan.ch\/fr\/produit\/thoemus-lightrider-e2-pro-black\/\"]}]},{\"@type\":\"ImageObject\",\"inLanguage\":\"fr-FR\",\"@id\":\"https:\/\/listings.mybikeplan.ch\/fr\/produit\/thoemus-lightrider-e2-pro-black\/#primaryimage\",\"url\":\"https:\/\/listings.mybikeplan.ch\/wp-content\/uploads\/2024\/04\/Thomus-Lightrider-E2-Pro.jpg\",\"contentUrl\":\"https:\/\/listings.mybikeplan.ch\/wp-content\/uploads\/2024\/04\/Thomus-Lightrider-E2-Pro.jpg\",\"width\":1000,\"height\":1000},{\"@type\":\"BreadcrumbList\",\"@id\":\"https:\/\/listings.mybikeplan.ch\/fr\/produit\/thoemus-lightrider-e2-pro-black\/#breadcrumb\",\"itemListElement\":[{\"@type\":\"ListItem\",\"position\":1,\"name\":\"Home\",\"item\":\"https:\/\/listings.mybikeplan.ch\/fr\/home\/\"},{\"@type\":\"ListItem\",\"position\":2,\"name\":\"Th\u00f6mus Lightrider E2 Pro\"}]},{\"@type\":\"WebSite\",\"@id\":\"https:\/\/listings.mybikeplan.ch\/fr\/#website\",\"url\":\"https:\/\/listings.mybikeplan.ch\/fr\/\",\"name\":\"MyBikePlan\",\"description\":\"\",\"potentialAction\":[{\"@type\":\"SearchAction\",\"target\":{\"@type\":\"EntryPoint\",\"urlTemplate\":\"https:\/\/listings.mybikeplan.ch\/fr\/?s={search_term_string}\"},\"query-input\":{\"@type\":\"PropertyValueSpecification\",\"valueRequired\":true,\"valueName\":\"search_term_string\"}}],\"inLanguage\":\"fr-FR\"}]}<\/script>\n<!-- \/ Yoast SEO plugin. -->","yoast_head_json":{"title":"Th\u00f6mus Lightrider E2 Pro | V\u00e9lo \u00e9lectrique | 0% d'int\u00e9r\u00eat","description":"Commande le Th\u00f6mus Lightrider E2 Pro E-Bike en mensualit\u00e9s avec 0% d'int\u00e9r\u00eat et profite d'une livraison gratuite partout en Suisse!","robots":{"index":"noindex","follow":"follow","max-snippet":"max-snippet:-1","max-image-preview":"max-image-preview:large","max-video-preview":"max-video-preview:-1"},"og_locale":"fr_FR","og_type":"article","og_title":"Th\u00f6mus Lightrider E2 Pro | V\u00e9lo \u00e9lectrique | 0% d'int\u00e9r\u00eat","og_description":"Commande le Th\u00f6mus Lightrider E2 Pro E-Bike en mensualit\u00e9s avec 0% d'int\u00e9r\u00eat et profite d'une livraison gratuite partout en Suisse!","og_url":"https:\/\/listings.mybikeplan.ch\/fr\/produit\/thoemus-lightrider-e2-pro-black\/","og_site_name":"MyBikePlan","article_modified_time":"2024-04-19T14:08:12+00:00","og_image":[{"width":1000,"height":1000,"url":"https:\/\/listings.mybikeplan.ch\/wp-content\/uploads\/2024\/04\/Thomus-Lightrider-E2-Pro.jpg","type":"image\/jpeg"}],"twitter_card":"summary_large_image","schema":{"@context":"https:\/\/schema.org","@graph":[{"@type":"WebPage","@id":"https:\/\/listings.mybikeplan.ch\/fr\/produit\/thoemus-lightrider-e2-pro-black\/","url":"https:\/\/listings.mybikeplan.ch\/fr\/produit\/thoemus-lightrider-e2-pro-black\/","name":"Th\u00f6mus Lightrider E2 Pro | V\u00e9lo \u00e9lectrique | 0% d'int\u00e9r\u00eat","isPartOf":{"@id":"https:\/\/listings.mybikeplan.ch\/fr\/#website"},"primaryImageOfPage":{"@id":"https:\/\/listings.mybikeplan.ch\/fr\/produit\/thoemus-lightrider-e2-pro-black\/#primaryimage"},"image":{"@id":"https:\/\/listings.mybikeplan.ch\/fr\/produit\/thoemus-lightrider-e2-pro-black\/#primaryimage"},"thumbnailUrl":"https:\/\/listings.mybikeplan.ch\/wp-content\/uploads\/2024\/04\/Thomus-Lightrider-E2-Pro.jpg","datePublished":"2024-04-19T14:06:48+00:00","dateModified":"2024-04-19T14:08:12+00:00","description":"Commande le Th\u00f6mus Lightrider E2 Pro E-Bike en mensualit\u00e9s avec 0% d'int\u00e9r\u00eat et profite d'une livraison gratuite partout en Suisse!","breadcrumb":{"@id":"https:\/\/listings.mybikeplan.ch\/fr\/produit\/thoemus-lightrider-e2-pro-black\/#breadcrumb"},"inLanguage":"fr-FR","potentialAction":[{"@type":"ReadAction","target":["https:\/\/listings.mybikeplan.ch\/fr\/produit\/thoemus-lightrider-e2-pro-black\/"]}]},{"@type":"ImageObject","inLanguage":"fr-FR","@id":"https:\/\/listings.mybikeplan.ch\/fr\/produit\/thoemus-lightrider-e2-pro-black\/#primaryimage","url":"https:\/\/listings.mybikeplan.ch\/wp-content\/uploads\/2024\/04\/Thomus-Lightrider-E2-Pro.jpg","contentUrl":"https:\/\/listings.mybikeplan.ch\/wp-content\/uploads\/2024\/04\/Thomus-Lightrider-E2-Pro.jpg","width":1000,"height":1000},{"@type":"BreadcrumbList","@id":"https:\/\/listings.mybikeplan.ch\/fr\/produit\/thoemus-lightrider-e2-pro-black\/#breadcrumb","itemListElement":[{"@type":"ListItem","position":1,"name":"Home","item":"https:\/\/listings.mybikeplan.ch\/fr\/home\/"},{"@type":"ListItem","position":2,"name":"Th\u00f6mus Lightrider E2 Pro"}]},{"@type":"WebSite","@id":"https:\/\/listings.mybikeplan.ch\/fr\/#website","url":"https:\/\/listings.mybikeplan.ch\/fr\/","name":"MyBikePlan","description":"","potentialAction":[{"@type":"SearchAction","target":{"@type":"EntryPoint","urlTemplate":"https:\/\/listings.mybikeplan.ch\/fr\/?s={search_term_string}"},"query-input":{"@type":"PropertyValueSpecification","valueRequired":true,"valueName":"search_term_string"}}],"inLanguage":"fr-FR"}]}},"_links":{"self":[{"href":"https:\/\/listings.mybikeplan.ch\/fr\/wp-json\/wp\/v2\/product\/61458","targetHints":{"allow":["GET"]}}],"collection":[{"href":"https:\/\/listings.mybikeplan.ch\/fr\/wp-json\/wp\/v2\/product"}],"about":[{"href":"https:\/\/listings.mybikeplan.ch\/fr\/wp-json\/wp\/v2\/types\/product"}],"replies":[{"embeddable":true,"href":"https:\/\/listings.mybikeplan.ch\/fr\/wp-json\/wp\/v2\/comments?post=61458"}],"wp:featuredmedia":[{"embeddable":true,"href":"https:\/\/listings.mybikeplan.ch\/fr\/wp-json\/wp\/v2\/media\/61473"}],"wp:attachment":[{"href":"https:\/\/listings.mybikeplan.ch\/fr\/wp-json\/wp\/v2\/media?parent=61458"}],"wp:term":[{"taxonomy":"product_brand","embeddable":true,"href":"https:\/\/listings.mybikeplan.ch\/fr\/wp-json\/wp\/v2\/product_brand?post=61458"},{"taxonomy":"product_cat","embeddable":true,"href":"https:\/\/listings.mybikeplan.ch\/fr\/wp-json\/wp\/v2\/product_cat?post=61458"},{"taxonomy":"product_tag","embeddable":true,"href":"https:\/\/listings.mybikeplan.ch\/fr\/wp-json\/wp\/v2\/product_tag?post=61458"}],"curies":[{"name":"wp","href":"https:\/\/api.w.org\/{rel}","templated":true}]}}