{"id":60627,"date":"2024-04-03T06:58:56","date_gmt":"2024-04-03T06:59:11","guid":{"rendered":"https:\/\/listings.mybikeplan.ch\/?post_type=product&#038;p=60627"},"modified":"2025-02-14T14:19:51","modified_gmt":"2025-02-14T14:19:51","slug":"cresta-eeterna-grey-wave","status":"publish","type":"product","link":"https:\/\/listings.mybikeplan.ch\/fr\/produit\/cresta-eeterna-grey-wave\/","title":{"rendered":"Cresta eEterna"},"content":{"rendered":"<h2>Le plus important sur le Cresta eEterna :<\/h2>\n<ul>\n<li>Trekking E-bike d\u00e9contract\u00e9<\/li>\n<li>Moteur int\u00e9gr\u00e9 qui dispara\u00eet parfaitement dans le cadre<\/li>\n<li>Porte-bagages avant et arri\u00e8re<\/li>\n<\/ul>\n<h2>Le Cresta eEterna est parfait pour toi si tu veux :<\/h2>\n<ul>\n<li>Tu veux miser sur la qualit\u00e9 suisse<\/li>\n<li>Tu aimes rouler en ville, mais aussi sur des chemins de campagne.<\/li>\n<\/ul>\n<h2>Taille recommand\u00e9e :<\/h2>\n<ul>\n<li>S = 162 &#8211; 172 cm<\/li>\n<li>M = 171 &#8211; 181 cm<\/li>\n<li>L = 180 &#8211; 190 cm<\/li>\n<\/ul>\n","protected":false},"excerpt":{"rendered":"<h2>Cresta eEterna<\/h2>\n<p>Avec son nouveau moteur Bosch Performance SX l\u00e9ger comme une plume, le Cresta E-Eterna est sportif et extr\u00eamement silencieux. Le moteur est si \u00e9troit qu&rsquo;il dispara\u00eet compl\u00e8tement dans le cadre et n&rsquo;est pratiquement pas visible de l&rsquo;avant ou de l&rsquo;arri\u00e8re. Une technique de capteurs sophistiqu\u00e9e fournit exactement le bon niveau d&rsquo;assistance dans chaque situation de conduite. Si la fr\u00e9quence de p\u00e9dalage est \u00e9lev\u00e9e, la force que le moteur transmet \u00e0 la route augmente \u00e9galement. La batterie de 400 Wh est elle aussi de conception mince et dispara\u00eet \u00e9l\u00e9gamment dans le tube diagonal. Elle peut \u00eatre retir\u00e9e et remise en place sans probl\u00e8me pour le chargement. Un prolongateur d&rsquo;autonomie d&rsquo;une capacit\u00e9 de 250 Wh est disponible en option.<\/p>\n<p>Le porte-bagages avant int\u00e9gr\u00e9 dans le cadre peut supporter jusqu&rsquo;\u00e0 8 kg. \u00c0 l&rsquo;arri\u00e8re, un porte-bagages custom est disponible avec une charge de 25 kg et un syst\u00e8me MIK. Le phare Supernova d&rsquo;une clart\u00e9 \u00e9clatante est mont\u00e9 sur le guidon, de sorte que la roue avant ne projette pas d&rsquo;ombre g\u00eanante sur la chauss\u00e9e. Le feu arri\u00e8re est int\u00e9gr\u00e9 avec style dans le garde-boue. Avec ses larges pneus Schwalbe G-One Overland, le Cresta E-Eterna est \u00e9galement dans son \u00e9l\u00e9ment en dehors de la route. Les chocs sont absorb\u00e9s de mani\u00e8re souveraine par la fourche suspendue Suntour GVX et les pneus larges.<\/p>\n<h2>\u00c0 propos de la marque Cresta:<\/h2>\n<p>Cresta est une marque qui con\u00e7oit et fabrique des v\u00e9los \u00e9lectriques de haute qualit\u00e9, efficaces, \u00e9cologiques et \u00e9l\u00e9gants. Leurs v\u00e9los \u00e9lectriques pr\u00e9sentent des caract\u00e9ristiques avanc\u00e9es telles que des moteurs puissants, des batteries de longue dur\u00e9e et des freins \u00e0 disque hydrauliques. La marque s\u2019engage \u00e0 offrir aux cyclistes une exp\u00e9rience de conduite fantastique tout en r\u00e9duisant leur empreinte carbone. Les v\u00e9los Cresta sont \u00e9galement int\u00e9gr\u00e9s \u00e0 des applications mobiles permettant de suivre les trajets, de surveiller l\u2019autonomie de la batterie et de personnaliser les r\u00e9glages. Avec ses fonctionnalit\u00e9s avanc\u00e9es et son design \u00e9l\u00e9gant, un v\u00e9lo \u00e9lectrique Cresta est le choix parfait pour tous ceux qui souhaitent un mode de transport rapide, efficace et \u00e9l\u00e9gant.<\/p>\n","protected":false},"featured_media":60750,"comment_status":"open","ping_status":"closed","template":"","meta":{"_acf_changed":false},"product_brand":[],"product_cat":[10082,10157,10162,10184,10168,10186,10449,10080,10190,10096,10188],"product_tag":[],"class_list":{"0":"post-60627","1":"product","2":"type-product","3":"status-publish","4":"has-post-thumbnail","6":"product_cat-25-km","7":"product_cat-e-bikes","8":"product_cat-e-trekking","9":"product_cat-femmes","10":"product_cat-gris","11":"product_cat-hommes","12":"product_cat-marque-cresta","13":"product_cat-mybikeplan","14":"product_cat-swiss-made","15":"product_cat-alle-e-bikes","16":"product_cat-wave","17":"pa_battery-bosch-powertube-400wh-fr","18":"pa_battery-size-400-wh","19":"pa_brand-cresta","20":"pa_filters-color-gris","21":"pa_frame-variant-wave","22":"pa_motor-bosch-performance-sx-25km-h-fr","23":"pa_motor-brand-bosch","24":"pa_rider-height-160-165-cm","25":"pa_rider-height-165-170-cm","26":"pa_rider-height-170-175-cm","27":"pa_rider-height-175-180-cm","28":"pa_rider-height-185-190-cm","29":"pa_seat-tube-length-m-l-50-fr","30":"pa_seat-tube-length-s-m-46-fr","31":"pa_sizes-m-l-fr","32":"pa_sizes-s-m-fr","33":"pa_speed-25-km-heure","34":"pa_weight-27-kg-fr","35":"pa_wheel-size-28-fr","37":"first","38":"instock","39":"shipping-taxable","40":"purchasable","41":"product-type-variable"},"acf":[],"yoast_head":"<!-- This site is optimized with the Yoast SEO plugin v24.5 - https:\/\/yoast.com\/wordpress\/plugins\/seo\/ -->\n<title>Cresta eEterna | E-Bike Suisse | Paiement \u00e0 0% par mensualit\u00e9<\/title>\n<meta name=\"description\" content=\"Procure-toi le eEterna et paie-le confortablement par mensualit\u00e9s avec 0% d&#039;int\u00e9r\u00eat ! Profite d\u00e8s maintenant et d\u00e9marre tout de suite.\" \/>\n<meta name=\"robots\" content=\"noindex, follow, max-snippet:-1, max-image-preview:large, max-video-preview:-1\" \/>\n<meta property=\"og:locale\" content=\"fr_FR\" \/>\n<meta property=\"og:type\" content=\"article\" \/>\n<meta property=\"og:title\" content=\"Cresta eEterna | E-Bike Suisse | Paiement \u00e0 0% par mensualit\u00e9\" \/>\n<meta property=\"og:description\" content=\"Procure-toi le eEterna et paie-le confortablement par mensualit\u00e9s avec 0% d&#039;int\u00e9r\u00eat ! Profite d\u00e8s maintenant et d\u00e9marre tout de suite.\" \/>\n<meta property=\"og:url\" content=\"https:\/\/listings.mybikeplan.ch\/fr\/produit\/cresta-eeterna-grey-wave\/\" \/>\n<meta property=\"og:site_name\" content=\"MyBikePlan\" \/>\n<meta property=\"article:modified_time\" content=\"2025-02-14T14:19:51+00:00\" \/>\n<meta property=\"og:image\" content=\"https:\/\/listings.mybikeplan.ch\/wp-content\/uploads\/2024\/04\/Cresta-eEterna-12.jpg\" \/>\n\t<meta property=\"og:image:width\" content=\"1000\" \/>\n\t<meta property=\"og:image:height\" content=\"1000\" \/>\n\t<meta property=\"og:image:type\" content=\"image\/jpeg\" \/>\n<meta name=\"twitter:card\" content=\"summary_large_image\" \/>\n<meta name=\"twitter:label1\" content=\"Dur\u00e9e de lecture estim\u00e9e\" \/>\n\t<meta name=\"twitter:data1\" content=\"1 minute\" \/>\n<script type=\"application\/ld+json\" class=\"yoast-schema-graph\">{\"@context\":\"https:\/\/schema.org\",\"@graph\":[{\"@type\":\"WebPage\",\"@id\":\"https:\/\/listings.mybikeplan.ch\/fr\/produit\/cresta-eeterna-grey-wave\/\",\"url\":\"https:\/\/listings.mybikeplan.ch\/fr\/produit\/cresta-eeterna-grey-wave\/\",\"name\":\"Cresta eEterna | E-Bike Suisse | Paiement \u00e0 0% par mensualit\u00e9\",\"isPartOf\":{\"@id\":\"https:\/\/listings.mybikeplan.ch\/fr\/#website\"},\"primaryImageOfPage\":{\"@id\":\"https:\/\/listings.mybikeplan.ch\/fr\/produit\/cresta-eeterna-grey-wave\/#primaryimage\"},\"image\":{\"@id\":\"https:\/\/listings.mybikeplan.ch\/fr\/produit\/cresta-eeterna-grey-wave\/#primaryimage\"},\"thumbnailUrl\":\"https:\/\/listings.mybikeplan.ch\/wp-content\/uploads\/2024\/04\/Cresta-eEterna-12.jpg\",\"datePublished\":\"2024-04-03T06:59:11+00:00\",\"dateModified\":\"2025-02-14T14:19:51+00:00\",\"description\":\"Procure-toi le eEterna et paie-le confortablement par mensualit\u00e9s avec 0% d'int\u00e9r\u00eat ! Profite d\u00e8s maintenant et d\u00e9marre tout de suite.\",\"breadcrumb\":{\"@id\":\"https:\/\/listings.mybikeplan.ch\/fr\/produit\/cresta-eeterna-grey-wave\/#breadcrumb\"},\"inLanguage\":\"fr-FR\",\"potentialAction\":[{\"@type\":\"ReadAction\",\"target\":[\"https:\/\/listings.mybikeplan.ch\/fr\/produit\/cresta-eeterna-grey-wave\/\"]}]},{\"@type\":\"ImageObject\",\"inLanguage\":\"fr-FR\",\"@id\":\"https:\/\/listings.mybikeplan.ch\/fr\/produit\/cresta-eeterna-grey-wave\/#primaryimage\",\"url\":\"https:\/\/listings.mybikeplan.ch\/wp-content\/uploads\/2024\/04\/Cresta-eEterna-12.jpg\",\"contentUrl\":\"https:\/\/listings.mybikeplan.ch\/wp-content\/uploads\/2024\/04\/Cresta-eEterna-12.jpg\",\"width\":1000,\"height\":1000},{\"@type\":\"BreadcrumbList\",\"@id\":\"https:\/\/listings.mybikeplan.ch\/fr\/produit\/cresta-eeterna-grey-wave\/#breadcrumb\",\"itemListElement\":[{\"@type\":\"ListItem\",\"position\":1,\"name\":\"Home\",\"item\":\"https:\/\/listings.mybikeplan.ch\/fr\/home\/\"},{\"@type\":\"ListItem\",\"position\":2,\"name\":\"Cresta eEterna\"}]},{\"@type\":\"WebSite\",\"@id\":\"https:\/\/listings.mybikeplan.ch\/fr\/#website\",\"url\":\"https:\/\/listings.mybikeplan.ch\/fr\/\",\"name\":\"MyBikePlan\",\"description\":\"\",\"potentialAction\":[{\"@type\":\"SearchAction\",\"target\":{\"@type\":\"EntryPoint\",\"urlTemplate\":\"https:\/\/listings.mybikeplan.ch\/fr\/?s={search_term_string}\"},\"query-input\":{\"@type\":\"PropertyValueSpecification\",\"valueRequired\":true,\"valueName\":\"search_term_string\"}}],\"inLanguage\":\"fr-FR\"}]}<\/script>\n<!-- \/ Yoast SEO plugin. -->","yoast_head_json":{"title":"Cresta eEterna | E-Bike Suisse | Paiement \u00e0 0% par mensualit\u00e9","description":"Procure-toi le eEterna et paie-le confortablement par mensualit\u00e9s avec 0% d'int\u00e9r\u00eat ! Profite d\u00e8s maintenant et d\u00e9marre tout de suite.","robots":{"index":"noindex","follow":"follow","max-snippet":"max-snippet:-1","max-image-preview":"max-image-preview:large","max-video-preview":"max-video-preview:-1"},"og_locale":"fr_FR","og_type":"article","og_title":"Cresta eEterna | E-Bike Suisse | Paiement \u00e0 0% par mensualit\u00e9","og_description":"Procure-toi le eEterna et paie-le confortablement par mensualit\u00e9s avec 0% d'int\u00e9r\u00eat ! Profite d\u00e8s maintenant et d\u00e9marre tout de suite.","og_url":"https:\/\/listings.mybikeplan.ch\/fr\/produit\/cresta-eeterna-grey-wave\/","og_site_name":"MyBikePlan","article_modified_time":"2025-02-14T14:19:51+00:00","og_image":[{"width":1000,"height":1000,"url":"https:\/\/listings.mybikeplan.ch\/wp-content\/uploads\/2024\/04\/Cresta-eEterna-12.jpg","type":"image\/jpeg"}],"twitter_card":"summary_large_image","twitter_misc":{"Dur\u00e9e de lecture estim\u00e9e":"1 minute"},"schema":{"@context":"https:\/\/schema.org","@graph":[{"@type":"WebPage","@id":"https:\/\/listings.mybikeplan.ch\/fr\/produit\/cresta-eeterna-grey-wave\/","url":"https:\/\/listings.mybikeplan.ch\/fr\/produit\/cresta-eeterna-grey-wave\/","name":"Cresta eEterna | E-Bike Suisse | Paiement \u00e0 0% par mensualit\u00e9","isPartOf":{"@id":"https:\/\/listings.mybikeplan.ch\/fr\/#website"},"primaryImageOfPage":{"@id":"https:\/\/listings.mybikeplan.ch\/fr\/produit\/cresta-eeterna-grey-wave\/#primaryimage"},"image":{"@id":"https:\/\/listings.mybikeplan.ch\/fr\/produit\/cresta-eeterna-grey-wave\/#primaryimage"},"thumbnailUrl":"https:\/\/listings.mybikeplan.ch\/wp-content\/uploads\/2024\/04\/Cresta-eEterna-12.jpg","datePublished":"2024-04-03T06:59:11+00:00","dateModified":"2025-02-14T14:19:51+00:00","description":"Procure-toi le eEterna et paie-le confortablement par mensualit\u00e9s avec 0% d'int\u00e9r\u00eat ! Profite d\u00e8s maintenant et d\u00e9marre tout de suite.","breadcrumb":{"@id":"https:\/\/listings.mybikeplan.ch\/fr\/produit\/cresta-eeterna-grey-wave\/#breadcrumb"},"inLanguage":"fr-FR","potentialAction":[{"@type":"ReadAction","target":["https:\/\/listings.mybikeplan.ch\/fr\/produit\/cresta-eeterna-grey-wave\/"]}]},{"@type":"ImageObject","inLanguage":"fr-FR","@id":"https:\/\/listings.mybikeplan.ch\/fr\/produit\/cresta-eeterna-grey-wave\/#primaryimage","url":"https:\/\/listings.mybikeplan.ch\/wp-content\/uploads\/2024\/04\/Cresta-eEterna-12.jpg","contentUrl":"https:\/\/listings.mybikeplan.ch\/wp-content\/uploads\/2024\/04\/Cresta-eEterna-12.jpg","width":1000,"height":1000},{"@type":"BreadcrumbList","@id":"https:\/\/listings.mybikeplan.ch\/fr\/produit\/cresta-eeterna-grey-wave\/#breadcrumb","itemListElement":[{"@type":"ListItem","position":1,"name":"Home","item":"https:\/\/listings.mybikeplan.ch\/fr\/home\/"},{"@type":"ListItem","position":2,"name":"Cresta eEterna"}]},{"@type":"WebSite","@id":"https:\/\/listings.mybikeplan.ch\/fr\/#website","url":"https:\/\/listings.mybikeplan.ch\/fr\/","name":"MyBikePlan","description":"","potentialAction":[{"@type":"SearchAction","target":{"@type":"EntryPoint","urlTemplate":"https:\/\/listings.mybikeplan.ch\/fr\/?s={search_term_string}"},"query-input":{"@type":"PropertyValueSpecification","valueRequired":true,"valueName":"search_term_string"}}],"inLanguage":"fr-FR"}]}},"_links":{"self":[{"href":"https:\/\/listings.mybikeplan.ch\/fr\/wp-json\/wp\/v2\/product\/60627","targetHints":{"allow":["GET"]}}],"collection":[{"href":"https:\/\/listings.mybikeplan.ch\/fr\/wp-json\/wp\/v2\/product"}],"about":[{"href":"https:\/\/listings.mybikeplan.ch\/fr\/wp-json\/wp\/v2\/types\/product"}],"replies":[{"embeddable":true,"href":"https:\/\/listings.mybikeplan.ch\/fr\/wp-json\/wp\/v2\/comments?post=60627"}],"wp:featuredmedia":[{"embeddable":true,"href":"https:\/\/listings.mybikeplan.ch\/fr\/wp-json\/wp\/v2\/media\/60750"}],"wp:attachment":[{"href":"https:\/\/listings.mybikeplan.ch\/fr\/wp-json\/wp\/v2\/media?parent=60627"}],"wp:term":[{"taxonomy":"product_brand","embeddable":true,"href":"https:\/\/listings.mybikeplan.ch\/fr\/wp-json\/wp\/v2\/product_brand?post=60627"},{"taxonomy":"product_cat","embeddable":true,"href":"https:\/\/listings.mybikeplan.ch\/fr\/wp-json\/wp\/v2\/product_cat?post=60627"},{"taxonomy":"product_tag","embeddable":true,"href":"https:\/\/listings.mybikeplan.ch\/fr\/wp-json\/wp\/v2\/product_tag?post=60627"}],"curies":[{"name":"wp","href":"https:\/\/api.w.org\/{rel}","templated":true}]}}