{"id":39038,"date":"2023-08-10T13:44:57","date_gmt":"2023-08-10T13:45:01","guid":{"rendered":"https:\/\/listings.mybikeplan.ch\/?post_type=product&#038;p=39038"},"modified":"2023-08-15T08:29:35","modified_gmt":"2023-08-15T08:29:35","slug":"recycle-pro-single-braun","status":"publish","type":"product","link":"https:\/\/listings.mybikeplan.ch\/fr\/produit\/recycle-pro-single-braun\/","title":{"rendered":"Vaude ReCycle Pro Single Brun"},"content":{"rendered":"<p>ReCycle\u00a0Pro &#8211; le nom est assez clair et la sacoche incarne la conscience \u00e9cologique! Nos concepteurs ont r\u00e9ussi \u00e0 faire fabriquer tous les composants de fixation dans un plastique recycl\u00e9. La plaque dorsale est compos\u00e9e \u00e0 64 % de mat\u00e9riaux recycl\u00e9s issus des d\u00e9chets m\u00e9nagers. Le mat\u00e9riau robuste du sac, 100 % recycl\u00e9 et d&rsquo;aspect textile, est enti\u00e8rement exempt de PVC et soud\u00e9 de mani\u00e8re \u00e9tanche. La sacoche tendance au design \u00e9pur\u00e9 est munie d&rsquo;un rabat qui se referme rapidement et facilement, d\u2019un grand compartiment principal et d\u2019une pochette zipp\u00e9e. La bandouli\u00e8re amovible et les logos r\u00e9fl\u00e9chissants en compl\u00e8tent les caract\u00e9ristiques. La sacoche faisant partie de notre gamme \u00abMade in Germany\u00bb, elle est le fruit d\u2019une fabrication neutre pour le climat en Allemagne au si\u00e8ge de la soci\u00e9t\u00e9. Compris dans la livraison: 1\u00a0sacoche de 22\u00a0l de volume, pouvant se fixer \u00e0 gauche ou \u00e0 droite sur le porte-bagages. Un petit cadenas de v\u00e9lo (p.\u00a0ex. Abus 145\/20) permet de verrouiller la ReCycle Pro directement sur le crochet QMR.<\/p>\n","protected":false},"excerpt":{"rendered":"<p>ReCycle\u00a0Pro &#8211; le nom est assez clair et la sacoche incarne la conscience \u00e9cologique! Nos concepteurs ont r\u00e9ussi \u00e0 faire fabriquer tous les composants de fixation dans un plastique recycl\u00e9. La plaque dorsale est compos\u00e9e \u00e0 64 % de mat\u00e9riaux recycl\u00e9s issus des d\u00e9chets m\u00e9nagers. Le mat\u00e9riau robuste du sac, 100 % recycl\u00e9 et d&rsquo;aspect textile, est enti\u00e8rement exempt de PVC et soud\u00e9 de mani\u00e8re \u00e9tanche. La sacoche tendance au design \u00e9pur\u00e9 est munie d&rsquo;un rabat qui se referme rapidement et facilement, d\u2019un grand compartiment principal et d\u2019une pochette zipp\u00e9e. La bandouli\u00e8re amovible et les logos r\u00e9fl\u00e9chissants en compl\u00e8tent les caract\u00e9ristiques. La sacoche faisant partie de notre gamme \u00abMade in Germany\u00bb, elle est le fruit d\u2019une fabrication neutre pour le climat en Allemagne au si\u00e8ge de la soci\u00e9t\u00e9. Compris dans la livraison: 1\u00a0sacoche de 22\u00a0l de volume, pouvant se fixer \u00e0 gauche ou \u00e0 droite sur le porte-bagages. Un petit cadenas de v\u00e9lo (p.\u00a0ex. Abus 145\/20) permet de verrouiller la ReCycle Pro directement sur le crochet QMR.<\/p>\n","protected":false},"featured_media":42385,"comment_status":"open","ping_status":"closed","template":"","meta":{"_acf_changed":false},"product_brand":[],"product_cat":[10084,10154,10093,10169],"product_tag":[],"class_list":{"0":"post-39038","1":"product","2":"type-product","3":"status-publish","4":"has-post-thumbnail","6":"product_cat-accessoires","7":"product_cat-marke-vaude","8":"product_cat-sacs","9":"product_cat-vert","10":"pa_brand-vaude","11":"pa_hex-color-414248-produkt-recycle-pro-single-black-fr","12":"pa_hex-color-455858-produkt-recycle-pro-single-green-fr","13":"pa_hex-color-6d4420-fr","14":"pa_hex-color-c8bcab-produkt-recycle-pro-single-white-fr","15":"pa_sizes-uni-size-fr","17":"first","18":"instock","19":"shipping-taxable","20":"purchasable","21":"product-type-variable"},"acf":[],"yoast_head":"<!-- This site is optimized with the Yoast SEO plugin v24.5 - https:\/\/yoast.com\/wordpress\/plugins\/seo\/ -->\n<title>ReCycle Pro Single<\/title>\n<meta name=\"robots\" content=\"noindex, follow, max-snippet:-1, max-image-preview:large, max-video-preview:-1\" \/>\n<meta property=\"og:locale\" content=\"fr_FR\" \/>\n<meta property=\"og:type\" content=\"article\" \/>\n<meta property=\"og:title\" content=\"ReCycle Pro Single\" \/>\n<meta property=\"og:description\" content=\"ReCycle\u00a0Pro - le nom est assez clair et la sacoche incarne la conscience \u00e9cologique! Nos concepteurs ont r\u00e9ussi \u00e0 faire fabriquer tous les composants de fixation dans un plastique recycl\u00e9. La plaque dorsale est compos\u00e9e \u00e0 64 % de mat\u00e9riaux recycl\u00e9s issus des d\u00e9chets m\u00e9nagers. Le mat\u00e9riau robuste du sac, 100 % recycl\u00e9 et d&#039;aspect textile, est enti\u00e8rement exempt de PVC et soud\u00e9 de mani\u00e8re \u00e9tanche. La sacoche tendance au design \u00e9pur\u00e9 est munie d&#039;un rabat qui se referme rapidement et facilement, d\u2019un grand compartiment principal et d\u2019une pochette zipp\u00e9e. La bandouli\u00e8re amovible et les logos r\u00e9fl\u00e9chissants en compl\u00e8tent les caract\u00e9ristiques. La sacoche faisant partie de notre gamme \u00abMade in Germany\u00bb, elle est le fruit d\u2019une fabrication neutre pour le climat en Allemagne au si\u00e8ge de la soci\u00e9t\u00e9. Compris dans la livraison: 1\u00a0sacoche de 22\u00a0l de volume, pouvant se fixer \u00e0 gauche ou \u00e0 droite sur le porte-bagages. Un petit cadenas de v\u00e9lo (p.\u00a0ex. Abus 145\/20) permet de verrouiller la ReCycle Pro directement sur le crochet QMR.\" \/>\n<meta property=\"og:url\" content=\"https:\/\/listings.mybikeplan.ch\/fr\/produit\/recycle-pro-single-braun\/\" \/>\n<meta property=\"og:site_name\" content=\"MyBikePlan\" \/>\n<meta property=\"article:modified_time\" content=\"2023-08-15T08:29:35+00:00\" \/>\n<meta property=\"og:image\" content=\"https:\/\/listings.mybikeplan.ch\/wp-content\/uploads\/2023\/08\/Vaude-ReCycle-Pro-Single-umbra-360x360-1.jpg\" \/>\n\t<meta property=\"og:image:width\" content=\"360\" \/>\n\t<meta property=\"og:image:height\" content=\"360\" \/>\n\t<meta property=\"og:image:type\" content=\"image\/jpeg\" \/>\n<meta name=\"twitter:card\" content=\"summary_large_image\" \/>\n<meta name=\"twitter:label1\" content=\"Dur\u00e9e de lecture estim\u00e9e\" \/>\n\t<meta name=\"twitter:data1\" content=\"1 minute\" \/>\n<script type=\"application\/ld+json\" class=\"yoast-schema-graph\">{\"@context\":\"https:\/\/schema.org\",\"@graph\":[{\"@type\":\"WebPage\",\"@id\":\"https:\/\/listings.mybikeplan.ch\/fr\/produit\/recycle-pro-single-braun\/\",\"url\":\"https:\/\/listings.mybikeplan.ch\/fr\/produit\/recycle-pro-single-braun\/\",\"name\":\"ReCycle Pro Single\",\"isPartOf\":{\"@id\":\"https:\/\/listings.mybikeplan.ch\/fr\/#website\"},\"primaryImageOfPage\":{\"@id\":\"https:\/\/listings.mybikeplan.ch\/fr\/produit\/recycle-pro-single-braun\/#primaryimage\"},\"image\":{\"@id\":\"https:\/\/listings.mybikeplan.ch\/fr\/produit\/recycle-pro-single-braun\/#primaryimage\"},\"thumbnailUrl\":\"https:\/\/listings.mybikeplan.ch\/wp-content\/uploads\/2023\/08\/Vaude-ReCycle-Pro-Single-Braun.jpg\",\"datePublished\":\"2023-08-10T13:45:01+00:00\",\"dateModified\":\"2023-08-15T08:29:35+00:00\",\"breadcrumb\":{\"@id\":\"https:\/\/listings.mybikeplan.ch\/fr\/produit\/recycle-pro-single-braun\/#breadcrumb\"},\"inLanguage\":\"fr-FR\",\"potentialAction\":[{\"@type\":\"ReadAction\",\"target\":[\"https:\/\/listings.mybikeplan.ch\/fr\/produit\/recycle-pro-single-braun\/\"]}]},{\"@type\":\"ImageObject\",\"inLanguage\":\"fr-FR\",\"@id\":\"https:\/\/listings.mybikeplan.ch\/fr\/produit\/recycle-pro-single-braun\/#primaryimage\",\"url\":\"https:\/\/listings.mybikeplan.ch\/wp-content\/uploads\/2023\/08\/Vaude-ReCycle-Pro-Single-Braun.jpg\",\"contentUrl\":\"https:\/\/listings.mybikeplan.ch\/wp-content\/uploads\/2023\/08\/Vaude-ReCycle-Pro-Single-Braun.jpg\",\"width\":1000,\"height\":1000},{\"@type\":\"BreadcrumbList\",\"@id\":\"https:\/\/listings.mybikeplan.ch\/fr\/produit\/recycle-pro-single-braun\/#breadcrumb\",\"itemListElement\":[{\"@type\":\"ListItem\",\"position\":1,\"name\":\"Home\",\"item\":\"https:\/\/listings.mybikeplan.ch\/fr\/home\/\"},{\"@type\":\"ListItem\",\"position\":2,\"name\":\"Vaude ReCycle Pro Single Brun\"}]},{\"@type\":\"WebSite\",\"@id\":\"https:\/\/listings.mybikeplan.ch\/fr\/#website\",\"url\":\"https:\/\/listings.mybikeplan.ch\/fr\/\",\"name\":\"MyBikePlan\",\"description\":\"\",\"potentialAction\":[{\"@type\":\"SearchAction\",\"target\":{\"@type\":\"EntryPoint\",\"urlTemplate\":\"https:\/\/listings.mybikeplan.ch\/fr\/?s={search_term_string}\"},\"query-input\":{\"@type\":\"PropertyValueSpecification\",\"valueRequired\":true,\"valueName\":\"search_term_string\"}}],\"inLanguage\":\"fr-FR\"}]}<\/script>\n<!-- \/ Yoast SEO plugin. -->","yoast_head_json":{"title":"ReCycle Pro Single","robots":{"index":"noindex","follow":"follow","max-snippet":"max-snippet:-1","max-image-preview":"max-image-preview:large","max-video-preview":"max-video-preview:-1"},"og_locale":"fr_FR","og_type":"article","og_title":"ReCycle Pro Single","og_description":"ReCycle\u00a0Pro - le nom est assez clair et la sacoche incarne la conscience \u00e9cologique! Nos concepteurs ont r\u00e9ussi \u00e0 faire fabriquer tous les composants de fixation dans un plastique recycl\u00e9. La plaque dorsale est compos\u00e9e \u00e0 64 % de mat\u00e9riaux recycl\u00e9s issus des d\u00e9chets m\u00e9nagers. Le mat\u00e9riau robuste du sac, 100 % recycl\u00e9 et d'aspect textile, est enti\u00e8rement exempt de PVC et soud\u00e9 de mani\u00e8re \u00e9tanche. La sacoche tendance au design \u00e9pur\u00e9 est munie d'un rabat qui se referme rapidement et facilement, d\u2019un grand compartiment principal et d\u2019une pochette zipp\u00e9e. La bandouli\u00e8re amovible et les logos r\u00e9fl\u00e9chissants en compl\u00e8tent les caract\u00e9ristiques. La sacoche faisant partie de notre gamme \u00abMade in Germany\u00bb, elle est le fruit d\u2019une fabrication neutre pour le climat en Allemagne au si\u00e8ge de la soci\u00e9t\u00e9. Compris dans la livraison: 1\u00a0sacoche de 22\u00a0l de volume, pouvant se fixer \u00e0 gauche ou \u00e0 droite sur le porte-bagages. Un petit cadenas de v\u00e9lo (p.\u00a0ex. Abus 145\/20) permet de verrouiller la ReCycle Pro directement sur le crochet QMR.","og_url":"https:\/\/listings.mybikeplan.ch\/fr\/produit\/recycle-pro-single-braun\/","og_site_name":"MyBikePlan","article_modified_time":"2023-08-15T08:29:35+00:00","og_image":[{"width":360,"height":360,"url":"https:\/\/listings.mybikeplan.ch\/wp-content\/uploads\/2023\/08\/Vaude-ReCycle-Pro-Single-umbra-360x360-1.jpg","type":"image\/jpeg"}],"twitter_card":"summary_large_image","twitter_misc":{"Dur\u00e9e de lecture estim\u00e9e":"1 minute"},"schema":{"@context":"https:\/\/schema.org","@graph":[{"@type":"WebPage","@id":"https:\/\/listings.mybikeplan.ch\/fr\/produit\/recycle-pro-single-braun\/","url":"https:\/\/listings.mybikeplan.ch\/fr\/produit\/recycle-pro-single-braun\/","name":"ReCycle Pro Single","isPartOf":{"@id":"https:\/\/listings.mybikeplan.ch\/fr\/#website"},"primaryImageOfPage":{"@id":"https:\/\/listings.mybikeplan.ch\/fr\/produit\/recycle-pro-single-braun\/#primaryimage"},"image":{"@id":"https:\/\/listings.mybikeplan.ch\/fr\/produit\/recycle-pro-single-braun\/#primaryimage"},"thumbnailUrl":"https:\/\/listings.mybikeplan.ch\/wp-content\/uploads\/2023\/08\/Vaude-ReCycle-Pro-Single-Braun.jpg","datePublished":"2023-08-10T13:45:01+00:00","dateModified":"2023-08-15T08:29:35+00:00","breadcrumb":{"@id":"https:\/\/listings.mybikeplan.ch\/fr\/produit\/recycle-pro-single-braun\/#breadcrumb"},"inLanguage":"fr-FR","potentialAction":[{"@type":"ReadAction","target":["https:\/\/listings.mybikeplan.ch\/fr\/produit\/recycle-pro-single-braun\/"]}]},{"@type":"ImageObject","inLanguage":"fr-FR","@id":"https:\/\/listings.mybikeplan.ch\/fr\/produit\/recycle-pro-single-braun\/#primaryimage","url":"https:\/\/listings.mybikeplan.ch\/wp-content\/uploads\/2023\/08\/Vaude-ReCycle-Pro-Single-Braun.jpg","contentUrl":"https:\/\/listings.mybikeplan.ch\/wp-content\/uploads\/2023\/08\/Vaude-ReCycle-Pro-Single-Braun.jpg","width":1000,"height":1000},{"@type":"BreadcrumbList","@id":"https:\/\/listings.mybikeplan.ch\/fr\/produit\/recycle-pro-single-braun\/#breadcrumb","itemListElement":[{"@type":"ListItem","position":1,"name":"Home","item":"https:\/\/listings.mybikeplan.ch\/fr\/home\/"},{"@type":"ListItem","position":2,"name":"Vaude ReCycle Pro Single Brun"}]},{"@type":"WebSite","@id":"https:\/\/listings.mybikeplan.ch\/fr\/#website","url":"https:\/\/listings.mybikeplan.ch\/fr\/","name":"MyBikePlan","description":"","potentialAction":[{"@type":"SearchAction","target":{"@type":"EntryPoint","urlTemplate":"https:\/\/listings.mybikeplan.ch\/fr\/?s={search_term_string}"},"query-input":{"@type":"PropertyValueSpecification","valueRequired":true,"valueName":"search_term_string"}}],"inLanguage":"fr-FR"}]}},"_links":{"self":[{"href":"https:\/\/listings.mybikeplan.ch\/fr\/wp-json\/wp\/v2\/product\/39038","targetHints":{"allow":["GET"]}}],"collection":[{"href":"https:\/\/listings.mybikeplan.ch\/fr\/wp-json\/wp\/v2\/product"}],"about":[{"href":"https:\/\/listings.mybikeplan.ch\/fr\/wp-json\/wp\/v2\/types\/product"}],"replies":[{"embeddable":true,"href":"https:\/\/listings.mybikeplan.ch\/fr\/wp-json\/wp\/v2\/comments?post=39038"}],"wp:featuredmedia":[{"embeddable":true,"href":"https:\/\/listings.mybikeplan.ch\/fr\/wp-json\/wp\/v2\/media\/42385"}],"wp:attachment":[{"href":"https:\/\/listings.mybikeplan.ch\/fr\/wp-json\/wp\/v2\/media?parent=39038"}],"wp:term":[{"taxonomy":"product_brand","embeddable":true,"href":"https:\/\/listings.mybikeplan.ch\/fr\/wp-json\/wp\/v2\/product_brand?post=39038"},{"taxonomy":"product_cat","embeddable":true,"href":"https:\/\/listings.mybikeplan.ch\/fr\/wp-json\/wp\/v2\/product_cat?post=39038"},{"taxonomy":"product_tag","embeddable":true,"href":"https:\/\/listings.mybikeplan.ch\/fr\/wp-json\/wp\/v2\/product_tag?post=39038"}],"curies":[{"name":"wp","href":"https:\/\/api.w.org\/{rel}","templated":true}]}}