{"id":33936,"date":"2023-05-10T11:55:31","date_gmt":"2023-05-10T11:55:33","guid":{"rendered":"https:\/\/listings.mybikeplan.ch\/?post_type=product&#038;p=33936"},"modified":"2023-07-25T12:17:22","modified_gmt":"2023-07-25T12:17:22","slug":"allegro-invisible-city-acil03-silver","status":"publish","type":"product","link":"https:\/\/listings.mybikeplan.ch\/fr\/produit\/allegro-invisible-city-acil03-silver\/","title":{"rendered":"Allegro Invisible City ACIL\u00b003 Silver"},"content":{"rendered":"<h2><b>Les faits importants en un coup d&rsquo;\u0153il :<\/b><\/h2>\n<ul>\n<li>Un E Bike de ville au look r\u00e9tro qui t&rsquo;accompagne dans la ville avec un moteur Bafang et 30 Nm (250 W).<\/li>\n<li>La batterie de 504 Wh <span style=\"font-weight: 400;\">(Lithium &#8211; Intube) <\/span>est compl\u00e8tement int\u00e9gr\u00e9e au cadre et te permettra de parcourir jusqu&rsquo;\u00e0 80 km.<\/li>\n<\/ul>\n<h2><b>Cet E-Bike est parfait pour toi si tu :<\/b><\/h2>\n<ul>\n<li>vis en ville<\/li>\n<li>veux organiser ta vie quotidienne de mani\u00e8re efficace<\/li>\n<li>veux g\u00e9rer ton trajet domicile-travail de moyenne distance de mani\u00e8re sportive, efficace en termes de temps et sans transpiration \u00e0 partir de maintenant.<\/li>\n<\/ul>\n<h2><b>Tailles recommand\u00e9es :<\/b><\/h2>\n<ul>\n<li><span style=\"vertical-align: inherit;\"><span style=\"vertical-align: inherit;\">M : 48cm = 160cm &#8211; 175cm<\/span><\/span><\/li>\n<li><span style=\"vertical-align: inherit;\"><span style=\"vertical-align: inherit;\">L : 52cm = 175cm &#8211; 185cm<\/span><\/span><\/li>\n<\/ul>\n","protected":false},"excerpt":{"rendered":"<h2><b>Allegro Invisible City ACIL\u00b003\u00a0<\/b><\/h2>\n<p>L&rsquo;Allegro Invisible City ACIL\u00b003 est le v\u00e9lo \u00e9lectrique de ville parfait pour ceux qui veulent se d\u00e9placer efficacement et avec style en ville.<\/p>\n<p>L&rsquo;Allegro Invisible City ACIL \u00b003 26\u00a0\u00bb de la marque de v\u00e9los Allegro est \u00e9quip\u00e9 d&rsquo;un moteur de roue arri\u00e8re Bafang G310.250 et te soutient jusqu&rsquo;\u00e0 25km\/h. Les 10 vitesses de Shimano te permettent de p\u00e9daler en mont\u00e9e avec facilit\u00e9. Les vitesses Shimano \u00e0 10 rapports te permettent de gravir les collines sans effort. La fourche \u00e0 suspension Suntour assure ton confort et les freins hydrauliques ta s\u00e9curit\u00e9.<\/p>\n<p>Le porte-bagages, l&rsquo;\u00e9clairage LED et les garde-boue sont int\u00e9gr\u00e9s \u00e0 l&rsquo;\u00e9quipement. Choisis l&rsquo;Invisible City ACIL \u00b003 26\u00a0\u00bb si tu cherches un compagnon de tous les jours \u00e0 un rapport qualit\u00e9-prix imbattable !<\/p>\n<h2><b>\u00c0 propos de la marque Allegro<\/b><\/h2>\n<p><a href=\"https:\/\/www.mybikeplan.ch\/fr\/marques\/allegro-ebikes\">Allegro<\/a> est une marque suisse qui porte fi\u00e8rement la devise suivante : la Suisse sur deux roues. La marque offre de la vari\u00e9t\u00e9 et innove constamment en m\u00eame temps. Des v\u00e9los de ville aux v\u00e9los de montagne, de l&rsquo;\u00e9l\u00e9gant au sportif. Les E Bikes Allegro r\u00e9pondent \u00e0 toutes les exigences.<\/p>\n","protected":false},"featured_media":33973,"comment_status":"open","ping_status":"closed","template":"","meta":{"_acf_changed":false},"product_brand":[],"product_cat":[10082,10165,10163,10184,10186,10101,10080,10190,10096,10188],"product_tag":[],"class_list":{"0":"post-33936","1":"product","2":"type-product","3":"status-publish","4":"has-post-thumbnail","6":"product_cat-25-km","7":"product_cat-bleu","8":"product_cat-e-urban","9":"product_cat-femmes","10":"product_cat-hommes","11":"product_cat-marque-allegro","12":"product_cat-mybikeplan","13":"product_cat-swiss-made","14":"product_cat-alle-e-bikes","15":"product_cat-wave","16":"pa_battery-batterie-intube-au-lithium-ion-36-v-14-ah-504-wh-extensible","17":"pa_battery-size-504-wh","18":"pa_brakes-freins-a-disque-hydrauliques-tektro","19":"pa_brand-allegro","20":"pa_filters-color-gris","21":"pa_fork-fourche-suspendue-suntour-nex-e25","22":"pa_frame-variant-wave","23":"pa_hex-color-024170produkt-allegro-invisible-city-acil03-nightfall-fr","24":"pa_hex-color-9b403e-produkt-allegro-invisible-city-acil03-velvet-fr","25":"pa_hex-color-afb2b4-fr","26":"pa_hex-color-f4b35b-produkt-allegro-e-citybike-invisible-city-acil03-honey-fr","27":"pa_hex-color-ffe3a0produkt-allegro-invisible-city-acil03-maya-fr","28":"pa_max-weight-130-kg","29":"pa_motor-bafang-bafang-g310-250-d-dc-hinterradmotor-36-v-250-w-30-nm-fr","30":"pa_motor-brand-bafang","31":"pa_range-80km-fr","32":"pa_rider-height-165-170-cm","33":"pa_rider-height-170-175-cm","34":"pa_seat-tube-length-48cm-m","35":"pa_seat-tube-length-52cm-l-fr","36":"pa_sizes-l-fr","37":"pa_sizes-m-fr","38":"pa_speed-25-km-heure","39":"pa_suspension-travel-63mm-fr","40":"pa_weight-2250-kg-fr","41":"pa_wheel-size-26-zoll-fr","43":"first","44":"onbackorder","45":"shipping-taxable","46":"purchasable","47":"product-type-variable"},"acf":[],"yoast_head":"<!-- This site is optimized with the Yoast SEO plugin v24.5 - https:\/\/yoast.com\/wordpress\/plugins\/seo\/ -->\n<title>Allegro Invisible City ACIL\u00b003 | \u00c0 partir de CHF 52 par mois | 0% d&#039;int\u00e9r\u00eat<\/title>\n<meta name=\"description\" content=\"Commande l&#039;Allegro Invisible City ACIL\u00b003 maintenant \u00e0 partir de CHF 52 par mois et paye gr\u00e2ce \u00e0 des versements mensuels \u00e0 int\u00e9r\u00eat 0%.\" \/>\n<meta name=\"robots\" content=\"noindex, follow, max-snippet:-1, max-image-preview:large, max-video-preview:-1\" \/>\n<meta property=\"og:locale\" content=\"fr_FR\" \/>\n<meta property=\"og:type\" content=\"article\" \/>\n<meta property=\"og:title\" content=\"Allegro Invisible City ACIL\u00b003 | \u00c0 partir de CHF 52 par mois | 0% d&#039;int\u00e9r\u00eat\" \/>\n<meta property=\"og:description\" content=\"Commande l&#039;Allegro Invisible City ACIL\u00b003 maintenant \u00e0 partir de CHF 52 par mois et paye gr\u00e2ce \u00e0 des versements mensuels \u00e0 int\u00e9r\u00eat 0%.\" \/>\n<meta property=\"og:url\" content=\"https:\/\/listings.mybikeplan.ch\/fr\/produit\/allegro-invisible-city-acil03-silver\/\" \/>\n<meta property=\"og:site_name\" content=\"MyBikePlan\" \/>\n<meta property=\"article:modified_time\" content=\"2023-07-25T12:17:22+00:00\" \/>\n<meta property=\"og:image\" content=\"https:\/\/listings.mybikeplan.ch\/wp-content\/uploads\/2023\/05\/Allegro-Invisible-City-ACIL\u00b003-Silver.jpg\" \/>\n\t<meta property=\"og:image:width\" content=\"1000\" \/>\n\t<meta property=\"og:image:height\" content=\"1000\" \/>\n\t<meta property=\"og:image:type\" content=\"image\/jpeg\" \/>\n<meta name=\"twitter:card\" content=\"summary_large_image\" \/>\n<meta name=\"twitter:label1\" content=\"Dur\u00e9e de lecture estim\u00e9e\" \/>\n\t<meta name=\"twitter:data1\" content=\"1 minute\" \/>\n<script type=\"application\/ld+json\" class=\"yoast-schema-graph\">{\"@context\":\"https:\/\/schema.org\",\"@graph\":[{\"@type\":\"WebPage\",\"@id\":\"https:\/\/listings.mybikeplan.ch\/fr\/produit\/allegro-invisible-city-acil03-silver\/\",\"url\":\"https:\/\/listings.mybikeplan.ch\/fr\/produit\/allegro-invisible-city-acil03-silver\/\",\"name\":\"Allegro Invisible City ACIL\u00b003 | \u00c0 partir de CHF 52 par mois | 0% d'int\u00e9r\u00eat\",\"isPartOf\":{\"@id\":\"https:\/\/listings.mybikeplan.ch\/fr\/#website\"},\"primaryImageOfPage\":{\"@id\":\"https:\/\/listings.mybikeplan.ch\/fr\/produit\/allegro-invisible-city-acil03-silver\/#primaryimage\"},\"image\":{\"@id\":\"https:\/\/listings.mybikeplan.ch\/fr\/produit\/allegro-invisible-city-acil03-silver\/#primaryimage\"},\"thumbnailUrl\":\"https:\/\/listings.mybikeplan.ch\/wp-content\/uploads\/2023\/05\/Allegro-Invisible-City-ACIL\u00b003-Silver.jpg\",\"datePublished\":\"2023-05-10T11:55:33+00:00\",\"dateModified\":\"2023-07-25T12:17:22+00:00\",\"description\":\"Commande l'Allegro Invisible City ACIL\u00b003 maintenant \u00e0 partir de CHF 52 par mois et paye gr\u00e2ce \u00e0 des versements mensuels \u00e0 int\u00e9r\u00eat 0%.\",\"breadcrumb\":{\"@id\":\"https:\/\/listings.mybikeplan.ch\/fr\/produit\/allegro-invisible-city-acil03-silver\/#breadcrumb\"},\"inLanguage\":\"fr-FR\",\"potentialAction\":[{\"@type\":\"ReadAction\",\"target\":[\"https:\/\/listings.mybikeplan.ch\/fr\/produit\/allegro-invisible-city-acil03-silver\/\"]}]},{\"@type\":\"ImageObject\",\"inLanguage\":\"fr-FR\",\"@id\":\"https:\/\/listings.mybikeplan.ch\/fr\/produit\/allegro-invisible-city-acil03-silver\/#primaryimage\",\"url\":\"https:\/\/listings.mybikeplan.ch\/wp-content\/uploads\/2023\/05\/Allegro-Invisible-City-ACIL\u00b003-Silver.jpg\",\"contentUrl\":\"https:\/\/listings.mybikeplan.ch\/wp-content\/uploads\/2023\/05\/Allegro-Invisible-City-ACIL\u00b003-Silver.jpg\",\"width\":1000,\"height\":1000},{\"@type\":\"BreadcrumbList\",\"@id\":\"https:\/\/listings.mybikeplan.ch\/fr\/produit\/allegro-invisible-city-acil03-silver\/#breadcrumb\",\"itemListElement\":[{\"@type\":\"ListItem\",\"position\":1,\"name\":\"Home\",\"item\":\"https:\/\/listings.mybikeplan.ch\/fr\/home\/\"},{\"@type\":\"ListItem\",\"position\":2,\"name\":\"Allegro Invisible City ACIL\u00b003 Silver\"}]},{\"@type\":\"WebSite\",\"@id\":\"https:\/\/listings.mybikeplan.ch\/fr\/#website\",\"url\":\"https:\/\/listings.mybikeplan.ch\/fr\/\",\"name\":\"MyBikePlan\",\"description\":\"\",\"potentialAction\":[{\"@type\":\"SearchAction\",\"target\":{\"@type\":\"EntryPoint\",\"urlTemplate\":\"https:\/\/listings.mybikeplan.ch\/fr\/?s={search_term_string}\"},\"query-input\":{\"@type\":\"PropertyValueSpecification\",\"valueRequired\":true,\"valueName\":\"search_term_string\"}}],\"inLanguage\":\"fr-FR\"}]}<\/script>\n<!-- \/ Yoast SEO plugin. -->","yoast_head_json":{"title":"Allegro Invisible City ACIL\u00b003 | \u00c0 partir de CHF 52 par mois | 0% d'int\u00e9r\u00eat","description":"Commande l'Allegro Invisible City ACIL\u00b003 maintenant \u00e0 partir de CHF 52 par mois et paye gr\u00e2ce \u00e0 des versements mensuels \u00e0 int\u00e9r\u00eat 0%.","robots":{"index":"noindex","follow":"follow","max-snippet":"max-snippet:-1","max-image-preview":"max-image-preview:large","max-video-preview":"max-video-preview:-1"},"og_locale":"fr_FR","og_type":"article","og_title":"Allegro Invisible City ACIL\u00b003 | \u00c0 partir de CHF 52 par mois | 0% d'int\u00e9r\u00eat","og_description":"Commande l'Allegro Invisible City ACIL\u00b003 maintenant \u00e0 partir de CHF 52 par mois et paye gr\u00e2ce \u00e0 des versements mensuels \u00e0 int\u00e9r\u00eat 0%.","og_url":"https:\/\/listings.mybikeplan.ch\/fr\/produit\/allegro-invisible-city-acil03-silver\/","og_site_name":"MyBikePlan","article_modified_time":"2023-07-25T12:17:22+00:00","og_image":[{"width":1000,"height":1000,"url":"https:\/\/listings.mybikeplan.ch\/wp-content\/uploads\/2023\/05\/Allegro-Invisible-City-ACIL\u00b003-Silver.jpg","type":"image\/jpeg"}],"twitter_card":"summary_large_image","twitter_misc":{"Dur\u00e9e de lecture estim\u00e9e":"1 minute"},"schema":{"@context":"https:\/\/schema.org","@graph":[{"@type":"WebPage","@id":"https:\/\/listings.mybikeplan.ch\/fr\/produit\/allegro-invisible-city-acil03-silver\/","url":"https:\/\/listings.mybikeplan.ch\/fr\/produit\/allegro-invisible-city-acil03-silver\/","name":"Allegro Invisible City ACIL\u00b003 | \u00c0 partir de CHF 52 par mois | 0% d'int\u00e9r\u00eat","isPartOf":{"@id":"https:\/\/listings.mybikeplan.ch\/fr\/#website"},"primaryImageOfPage":{"@id":"https:\/\/listings.mybikeplan.ch\/fr\/produit\/allegro-invisible-city-acil03-silver\/#primaryimage"},"image":{"@id":"https:\/\/listings.mybikeplan.ch\/fr\/produit\/allegro-invisible-city-acil03-silver\/#primaryimage"},"thumbnailUrl":"https:\/\/listings.mybikeplan.ch\/wp-content\/uploads\/2023\/05\/Allegro-Invisible-City-ACIL\u00b003-Silver.jpg","datePublished":"2023-05-10T11:55:33+00:00","dateModified":"2023-07-25T12:17:22+00:00","description":"Commande l'Allegro Invisible City ACIL\u00b003 maintenant \u00e0 partir de CHF 52 par mois et paye gr\u00e2ce \u00e0 des versements mensuels \u00e0 int\u00e9r\u00eat 0%.","breadcrumb":{"@id":"https:\/\/listings.mybikeplan.ch\/fr\/produit\/allegro-invisible-city-acil03-silver\/#breadcrumb"},"inLanguage":"fr-FR","potentialAction":[{"@type":"ReadAction","target":["https:\/\/listings.mybikeplan.ch\/fr\/produit\/allegro-invisible-city-acil03-silver\/"]}]},{"@type":"ImageObject","inLanguage":"fr-FR","@id":"https:\/\/listings.mybikeplan.ch\/fr\/produit\/allegro-invisible-city-acil03-silver\/#primaryimage","url":"https:\/\/listings.mybikeplan.ch\/wp-content\/uploads\/2023\/05\/Allegro-Invisible-City-ACIL\u00b003-Silver.jpg","contentUrl":"https:\/\/listings.mybikeplan.ch\/wp-content\/uploads\/2023\/05\/Allegro-Invisible-City-ACIL\u00b003-Silver.jpg","width":1000,"height":1000},{"@type":"BreadcrumbList","@id":"https:\/\/listings.mybikeplan.ch\/fr\/produit\/allegro-invisible-city-acil03-silver\/#breadcrumb","itemListElement":[{"@type":"ListItem","position":1,"name":"Home","item":"https:\/\/listings.mybikeplan.ch\/fr\/home\/"},{"@type":"ListItem","position":2,"name":"Allegro Invisible City ACIL\u00b003 Silver"}]},{"@type":"WebSite","@id":"https:\/\/listings.mybikeplan.ch\/fr\/#website","url":"https:\/\/listings.mybikeplan.ch\/fr\/","name":"MyBikePlan","description":"","potentialAction":[{"@type":"SearchAction","target":{"@type":"EntryPoint","urlTemplate":"https:\/\/listings.mybikeplan.ch\/fr\/?s={search_term_string}"},"query-input":{"@type":"PropertyValueSpecification","valueRequired":true,"valueName":"search_term_string"}}],"inLanguage":"fr-FR"}]}},"_links":{"self":[{"href":"https:\/\/listings.mybikeplan.ch\/fr\/wp-json\/wp\/v2\/product\/33936","targetHints":{"allow":["GET"]}}],"collection":[{"href":"https:\/\/listings.mybikeplan.ch\/fr\/wp-json\/wp\/v2\/product"}],"about":[{"href":"https:\/\/listings.mybikeplan.ch\/fr\/wp-json\/wp\/v2\/types\/product"}],"replies":[{"embeddable":true,"href":"https:\/\/listings.mybikeplan.ch\/fr\/wp-json\/wp\/v2\/comments?post=33936"}],"wp:featuredmedia":[{"embeddable":true,"href":"https:\/\/listings.mybikeplan.ch\/fr\/wp-json\/wp\/v2\/media\/33973"}],"wp:attachment":[{"href":"https:\/\/listings.mybikeplan.ch\/fr\/wp-json\/wp\/v2\/media?parent=33936"}],"wp:term":[{"taxonomy":"product_brand","embeddable":true,"href":"https:\/\/listings.mybikeplan.ch\/fr\/wp-json\/wp\/v2\/product_brand?post=33936"},{"taxonomy":"product_cat","embeddable":true,"href":"https:\/\/listings.mybikeplan.ch\/fr\/wp-json\/wp\/v2\/product_cat?post=33936"},{"taxonomy":"product_tag","embeddable":true,"href":"https:\/\/listings.mybikeplan.ch\/fr\/wp-json\/wp\/v2\/product_tag?post=33936"}],"curies":[{"name":"wp","href":"https:\/\/api.w.org\/{rel}","templated":true}]}}