{"id":22860,"date":"2022-11-23T10:49:55","date_gmt":"2022-11-23T10:49:56","guid":{"rendered":"https:\/\/listings.mybikeplan.ch\/?post_type=product&#038;p=22860"},"modified":"2025-03-20T10:03:10","modified_gmt":"2025-03-20T10:03:10","slug":"allegro-invisible-alltour-atil03-greyhound","status":"publish","type":"product","link":"https:\/\/listings.mybikeplan.ch\/fr\/produit\/allegro-invisible-alltour-atil03-greyhound\/","title":{"rendered":"Allegro Invisible Alltour ATIL\u00b003 Greyhound"},"content":{"rendered":"<h2><b>Le plus important sur l&rsquo;Allegro Invisible Alltour ATIL\u00b003 :<\/b><\/h2>\n<ul>\n<li style=\"font-weight: 400;\"><span style=\"font-weight: 400;\">Trekking E-Bike<\/span><\/li>\n<li style=\"font-weight: 400;\"><span style=\"font-weight: 400;\">un moteur Bafang de 45 Nm qui te permet de te d\u00e9placer ais\u00e9ment d&rsquo;un point A \u00e0 un point B<\/span><\/li>\n<li style=\"font-weight: 400;\"><span style=\"font-weight: 400;\">une batterie lithium-ion 504 Wh<\/span><\/li>\n<\/ul>\n<h2><b>L&rsquo;Allegro Invisible Alltour ATIL\u00b003 est parfait pour toi, si tu :<\/b><\/h2>\n<ul>\n<li style=\"font-weight: 400;\"><span style=\"font-weight: 400;\">es \u00e0 la recherche d&rsquo;un v\u00e9lo \u00e9lectrique \u00e9l\u00e9gant avec une touche r\u00e9tro.<\/span><\/li>\n<li style=\"font-weight: 400;\"><span style=\"font-weight: 400;\">veux \u00eatre flexible dans ta vie quotidienne et profiter de longues distances le week-end.<\/span><\/li>\n<li style=\"font-weight: 400;\"><span style=\"font-weight: 400;\">cherches un E-Bike qui s&rsquo;adapte parfaitement \u00e0 tes activit\u00e9s<\/span><\/li>\n<\/ul>\n<h2><b>Tailles recommand\u00e9es :<\/b><\/h2>\n<ul>\n<li><span style=\"font-weight: 400;\">M: 48 cm = 160 cm &#8211; 170 cm<\/span><\/li>\n<li><span style=\"font-weight: 400;\">L: 52 cm = 170 cm &#8211; 185 cm<\/span><\/li>\n<\/ul>\n","protected":false},"excerpt":{"rendered":"<h2><b>Allegro Invisible Alltour ATIL \u00b003<\/b><\/h2>\n<p><span style=\"font-weight: 400;\">Tu te demandes quel E-Bike convient le mieux \u00e0 ta vie quotidienne ? Tu souhaites poss\u00e9der un v\u00e9lo polyvalent qui puisse \u00e0 la fois assurer tes d\u00e9placements quotidiens sur la route, mais aussi tes sorties \u00e0 la campagne le week-end?<\/span><\/p>\n<p><span style=\"font-weight: 400;\">L\u2019Allegro Invisible Alltour ATIL\/M \u00b003 est un Trekking E-Bike polyvalent, \u00e9l\u00e9gant pour tous les jours, et toutes tes activit\u00e9s ! Que ce soit sur les routes de gravier ou sur la route, ce mod\u00e8le con\u00e7u pour la randonn\u00e9e saura t\u2019assister au mieux.<\/span><\/p>\n<p><span style=\"font-weight: 400;\">Cet E-Bike de la marque Allegro est \u00e9quip\u00e9 d\u2019un moteur de 45 Nm et d\u2019une batterie de 504 Wh. Le syst\u00e8me d\u2019engrenage Shimano Deore comporte 10 vitesses et te permet d\u2019adapter ton Allegro E-Bike \u00e0 tes besoins de mani\u00e8re flexible.<\/span><\/p>\n<h2><b>\u00c0 propos d\u2019Allegro<\/b><\/h2>\n<p><span style=\"font-weight: 400;\"><a href=\"https:\/\/www.mybikeplan.ch\/fr\/marques\/allegro-ebikes\">Allegro<\/a> est une entreprise suisse de longue tradition, fond\u00e9e en 1914 par le cycliste Arnold Grosjean. Depuis lors, les v\u00e9los portent la fi\u00e8re devise \u00ab La Suisse sur deux roues \u00bb. Ces derni\u00e8res ann\u00e9es, la gamme de mod\u00e8les a \u00e9t\u00e9 \u00e9largie, avec beaucoup d\u2019innovation et de cr\u00e9ativit\u00e9, pour inclure certains v\u00e9los \u00e9lectriques. Que tu recherches un City E-Bike, un Trekking E-Bike, un Mountain E-Bike ou un v\u00e9lo \u00e9lectrique 45 km\/h, tu trouveras certainement le v\u00e9lo \u00e9lectrique qui te convient.<\/span><\/p>\n","protected":false},"featured_media":33923,"comment_status":"open","ping_status":"closed","template":"","meta":{"_acf_changed":false},"product_brand":[],"product_cat":[10082,12663,10185,10162,10168,10186,12667,12666,10101,10080,10527,12609,12669,12665,12668,10190,10096,10188,12664],"product_tag":[],"class_list":{"0":"post-22860","1":"product","2":"type-product","3":"status-publish","4":"has-post-thumbnail","6":"product_cat-25-km","7":"product_cat-biciservici_100","8":"product_cat-diamant","9":"product_cat-e-trekking","10":"product_cat-gris","11":"product_cat-hommes","12":"product_cat-hotelgastro_250","13":"product_cat-lindenhofgruppe_250","14":"product_cat-marque-allegro","15":"product_cat-mybikeplan","16":"product_cat-sbb_250","17":"product_cat-soh_250","18":"product_cat-spruengli_250","19":"product_cat-stampfliag_250","20":"product_cat-swisscasinos_250","21":"product_cat-swiss-made","22":"product_cat-alle-e-bikes","23":"product_cat-wave","24":"product_cat-wintibike_100","25":"pa_attachments-kindersitz","26":"pa_battery-batterie-intube-au-lithium-ion-36-v-14-ah-504-wh-extensible","27":"pa_battery-size-504-wh","28":"pa_brakes-freins-a-disque-hydrauliques-tektro","29":"pa_brand-allegro","30":"pa_display-king-meter-digital-ii-lcd-display-fr","31":"pa_filters-color-gris","32":"pa_fork-fourche-suspendue-suntour-nex-e25","33":"pa_frame-variant-wave","34":"pa_hex-color-4bb6ef-produkt-allegro-invisible-alltour-atil03-lake-fr","35":"pa_hex-color-708e55-produkt-allegro-invisible-alltour-atil03-highland-fr","36":"pa_hex-color-808080-produkt-allegro-invisible-alltour-atil03-raven-fr","37":"pa_hex-color-d7af78-produkt-allegro-invisible-alltour-atil03-sahara-fr","38":"pa_hex-color-dbe0de-produkt-allegro-invisible-alltour-atil03-greyhound-fr","39":"pa_hex-color-e98b8c-produkt-allegro-invisible-alltour-atil03-velvet-fr","40":"pa_max-weight-130-kg","41":"pa_motor-bafang-bafang-g310-250-d-dc-hinterradmotor-36-v-250-w-30-nm-fr","42":"pa_motor-brand-bafang","43":"pa_range-80km-fr","44":"pa_rider-height-160-165-cm","45":"pa_rider-height-165-170-cm","46":"pa_rider-height-170-175-cm","47":"pa_rider-height-175-180-cm","48":"pa_rider-height-180-185-cm","49":"pa_seat-tube-length-48cm-m","50":"pa_seat-tube-length-52cm-l-fr","51":"pa_sizes-l-fr","52":"pa_sizes-m-fr","53":"pa_speed-25-km-heure","54":"pa_suspension-travel-63mm-fr","55":"pa_weight-2250-kg-fr","56":"pa_wheel-size-26-zoll-fr","58":"first","59":"instock","60":"shipping-taxable","61":"purchasable","62":"product-type-variable"},"acf":[],"yoast_head":"<!-- This site is optimized with the Yoast SEO plugin v24.5 - https:\/\/yoast.com\/wordpress\/plugins\/seo\/ -->\n<title>Allegro Invisible Alltour ATIL\u00b003 | \u00c0 partir de CHF 59 par mois | 0% d&#039;int\u00e9r\u00eat<\/title>\n<meta name=\"description\" content=\"Commande l&#039;Allegro Invisible City ACIL\u00b003 maintenant \u00e0 partir de CHF 59 par mois et paye gr\u00e2ce \u00e0 des versements mensuels \u00e0 int\u00e9r\u00eat 0%.\" \/>\n<meta name=\"robots\" content=\"noindex, follow, max-snippet:-1, max-image-preview:large, max-video-preview:-1\" \/>\n<meta property=\"og:locale\" content=\"fr_FR\" \/>\n<meta property=\"og:type\" content=\"article\" \/>\n<meta property=\"og:title\" content=\"Allegro Invisible Alltour ATIL\u00b003 | \u00c0 partir de CHF 59 par mois | 0% d&#039;int\u00e9r\u00eat\" \/>\n<meta property=\"og:description\" content=\"Commande l&#039;Allegro Invisible City ACIL\u00b003 maintenant \u00e0 partir de CHF 59 par mois et paye gr\u00e2ce \u00e0 des versements mensuels \u00e0 int\u00e9r\u00eat 0%.\" \/>\n<meta property=\"og:url\" content=\"https:\/\/listings.mybikeplan.ch\/fr\/produit\/allegro-invisible-alltour-atil03-greyhound\/\" \/>\n<meta property=\"og:site_name\" content=\"MyBikePlan\" \/>\n<meta property=\"article:modified_time\" content=\"2025-03-20T10:03:10+00:00\" \/>\n<meta property=\"og:image\" content=\"https:\/\/listings.mybikeplan.ch\/wp-content\/uploads\/2023\/05\/Allegro-Invisible-Alltour-ATIL\u00b003-Greyhound_4-1.jpg\" \/>\n\t<meta property=\"og:image:width\" content=\"1000\" \/>\n\t<meta property=\"og:image:height\" content=\"1000\" \/>\n\t<meta property=\"og:image:type\" content=\"image\/jpeg\" \/>\n<meta name=\"twitter:card\" content=\"summary_large_image\" \/>\n<meta name=\"twitter:label1\" content=\"Dur\u00e9e de lecture estim\u00e9e\" \/>\n\t<meta name=\"twitter:data1\" content=\"1 minute\" \/>\n<script type=\"application\/ld+json\" class=\"yoast-schema-graph\">{\"@context\":\"https:\/\/schema.org\",\"@graph\":[{\"@type\":\"WebPage\",\"@id\":\"https:\/\/listings.mybikeplan.ch\/fr\/produit\/allegro-invisible-alltour-atil03-greyhound\/\",\"url\":\"https:\/\/listings.mybikeplan.ch\/fr\/produit\/allegro-invisible-alltour-atil03-greyhound\/\",\"name\":\"Allegro Invisible Alltour ATIL\u00b003 | \u00c0 partir de CHF 59 par mois | 0% d'int\u00e9r\u00eat\",\"isPartOf\":{\"@id\":\"https:\/\/listings.mybikeplan.ch\/fr\/#website\"},\"primaryImageOfPage\":{\"@id\":\"https:\/\/listings.mybikeplan.ch\/fr\/produit\/allegro-invisible-alltour-atil03-greyhound\/#primaryimage\"},\"image\":{\"@id\":\"https:\/\/listings.mybikeplan.ch\/fr\/produit\/allegro-invisible-alltour-atil03-greyhound\/#primaryimage\"},\"thumbnailUrl\":\"https:\/\/listings.mybikeplan.ch\/wp-content\/uploads\/2023\/05\/Allegro-Invisible-Alltour-ATIL\u00b003-Greyhound_4-1.jpg\",\"datePublished\":\"2022-11-23T10:49:56+00:00\",\"dateModified\":\"2025-03-20T10:03:10+00:00\",\"description\":\"Commande l'Allegro Invisible City ACIL\u00b003 maintenant \u00e0 partir de CHF 59 par mois et paye gr\u00e2ce \u00e0 des versements mensuels \u00e0 int\u00e9r\u00eat 0%.\",\"breadcrumb\":{\"@id\":\"https:\/\/listings.mybikeplan.ch\/fr\/produit\/allegro-invisible-alltour-atil03-greyhound\/#breadcrumb\"},\"inLanguage\":\"fr-FR\",\"potentialAction\":[{\"@type\":\"ReadAction\",\"target\":[\"https:\/\/listings.mybikeplan.ch\/fr\/produit\/allegro-invisible-alltour-atil03-greyhound\/\"]}]},{\"@type\":\"ImageObject\",\"inLanguage\":\"fr-FR\",\"@id\":\"https:\/\/listings.mybikeplan.ch\/fr\/produit\/allegro-invisible-alltour-atil03-greyhound\/#primaryimage\",\"url\":\"https:\/\/listings.mybikeplan.ch\/wp-content\/uploads\/2023\/05\/Allegro-Invisible-Alltour-ATIL\u00b003-Greyhound_4-1.jpg\",\"contentUrl\":\"https:\/\/listings.mybikeplan.ch\/wp-content\/uploads\/2023\/05\/Allegro-Invisible-Alltour-ATIL\u00b003-Greyhound_4-1.jpg\",\"width\":1000,\"height\":1000},{\"@type\":\"BreadcrumbList\",\"@id\":\"https:\/\/listings.mybikeplan.ch\/fr\/produit\/allegro-invisible-alltour-atil03-greyhound\/#breadcrumb\",\"itemListElement\":[{\"@type\":\"ListItem\",\"position\":1,\"name\":\"Home\",\"item\":\"https:\/\/listings.mybikeplan.ch\/fr\/home\/\"},{\"@type\":\"ListItem\",\"position\":2,\"name\":\"Allegro Invisible Alltour ATIL\u00b003 Greyhound\"}]},{\"@type\":\"WebSite\",\"@id\":\"https:\/\/listings.mybikeplan.ch\/fr\/#website\",\"url\":\"https:\/\/listings.mybikeplan.ch\/fr\/\",\"name\":\"MyBikePlan\",\"description\":\"\",\"potentialAction\":[{\"@type\":\"SearchAction\",\"target\":{\"@type\":\"EntryPoint\",\"urlTemplate\":\"https:\/\/listings.mybikeplan.ch\/fr\/?s={search_term_string}\"},\"query-input\":{\"@type\":\"PropertyValueSpecification\",\"valueRequired\":true,\"valueName\":\"search_term_string\"}}],\"inLanguage\":\"fr-FR\"}]}<\/script>\n<!-- \/ Yoast SEO plugin. -->","yoast_head_json":{"title":"Allegro Invisible Alltour ATIL\u00b003 | \u00c0 partir de CHF 59 par mois | 0% d'int\u00e9r\u00eat","description":"Commande l'Allegro Invisible City ACIL\u00b003 maintenant \u00e0 partir de CHF 59 par mois et paye gr\u00e2ce \u00e0 des versements mensuels \u00e0 int\u00e9r\u00eat 0%.","robots":{"index":"noindex","follow":"follow","max-snippet":"max-snippet:-1","max-image-preview":"max-image-preview:large","max-video-preview":"max-video-preview:-1"},"og_locale":"fr_FR","og_type":"article","og_title":"Allegro Invisible Alltour ATIL\u00b003 | \u00c0 partir de CHF 59 par mois | 0% d'int\u00e9r\u00eat","og_description":"Commande l'Allegro Invisible City ACIL\u00b003 maintenant \u00e0 partir de CHF 59 par mois et paye gr\u00e2ce \u00e0 des versements mensuels \u00e0 int\u00e9r\u00eat 0%.","og_url":"https:\/\/listings.mybikeplan.ch\/fr\/produit\/allegro-invisible-alltour-atil03-greyhound\/","og_site_name":"MyBikePlan","article_modified_time":"2025-03-20T10:03:10+00:00","og_image":[{"width":1000,"height":1000,"url":"https:\/\/listings.mybikeplan.ch\/wp-content\/uploads\/2023\/05\/Allegro-Invisible-Alltour-ATIL\u00b003-Greyhound_4-1.jpg","type":"image\/jpeg"}],"twitter_card":"summary_large_image","twitter_misc":{"Dur\u00e9e de lecture estim\u00e9e":"1 minute"},"schema":{"@context":"https:\/\/schema.org","@graph":[{"@type":"WebPage","@id":"https:\/\/listings.mybikeplan.ch\/fr\/produit\/allegro-invisible-alltour-atil03-greyhound\/","url":"https:\/\/listings.mybikeplan.ch\/fr\/produit\/allegro-invisible-alltour-atil03-greyhound\/","name":"Allegro Invisible Alltour ATIL\u00b003 | \u00c0 partir de CHF 59 par mois | 0% d'int\u00e9r\u00eat","isPartOf":{"@id":"https:\/\/listings.mybikeplan.ch\/fr\/#website"},"primaryImageOfPage":{"@id":"https:\/\/listings.mybikeplan.ch\/fr\/produit\/allegro-invisible-alltour-atil03-greyhound\/#primaryimage"},"image":{"@id":"https:\/\/listings.mybikeplan.ch\/fr\/produit\/allegro-invisible-alltour-atil03-greyhound\/#primaryimage"},"thumbnailUrl":"https:\/\/listings.mybikeplan.ch\/wp-content\/uploads\/2023\/05\/Allegro-Invisible-Alltour-ATIL\u00b003-Greyhound_4-1.jpg","datePublished":"2022-11-23T10:49:56+00:00","dateModified":"2025-03-20T10:03:10+00:00","description":"Commande l'Allegro Invisible City ACIL\u00b003 maintenant \u00e0 partir de CHF 59 par mois et paye gr\u00e2ce \u00e0 des versements mensuels \u00e0 int\u00e9r\u00eat 0%.","breadcrumb":{"@id":"https:\/\/listings.mybikeplan.ch\/fr\/produit\/allegro-invisible-alltour-atil03-greyhound\/#breadcrumb"},"inLanguage":"fr-FR","potentialAction":[{"@type":"ReadAction","target":["https:\/\/listings.mybikeplan.ch\/fr\/produit\/allegro-invisible-alltour-atil03-greyhound\/"]}]},{"@type":"ImageObject","inLanguage":"fr-FR","@id":"https:\/\/listings.mybikeplan.ch\/fr\/produit\/allegro-invisible-alltour-atil03-greyhound\/#primaryimage","url":"https:\/\/listings.mybikeplan.ch\/wp-content\/uploads\/2023\/05\/Allegro-Invisible-Alltour-ATIL\u00b003-Greyhound_4-1.jpg","contentUrl":"https:\/\/listings.mybikeplan.ch\/wp-content\/uploads\/2023\/05\/Allegro-Invisible-Alltour-ATIL\u00b003-Greyhound_4-1.jpg","width":1000,"height":1000},{"@type":"BreadcrumbList","@id":"https:\/\/listings.mybikeplan.ch\/fr\/produit\/allegro-invisible-alltour-atil03-greyhound\/#breadcrumb","itemListElement":[{"@type":"ListItem","position":1,"name":"Home","item":"https:\/\/listings.mybikeplan.ch\/fr\/home\/"},{"@type":"ListItem","position":2,"name":"Allegro Invisible Alltour ATIL\u00b003 Greyhound"}]},{"@type":"WebSite","@id":"https:\/\/listings.mybikeplan.ch\/fr\/#website","url":"https:\/\/listings.mybikeplan.ch\/fr\/","name":"MyBikePlan","description":"","potentialAction":[{"@type":"SearchAction","target":{"@type":"EntryPoint","urlTemplate":"https:\/\/listings.mybikeplan.ch\/fr\/?s={search_term_string}"},"query-input":{"@type":"PropertyValueSpecification","valueRequired":true,"valueName":"search_term_string"}}],"inLanguage":"fr-FR"}]}},"_links":{"self":[{"href":"https:\/\/listings.mybikeplan.ch\/fr\/wp-json\/wp\/v2\/product\/22860","targetHints":{"allow":["GET"]}}],"collection":[{"href":"https:\/\/listings.mybikeplan.ch\/fr\/wp-json\/wp\/v2\/product"}],"about":[{"href":"https:\/\/listings.mybikeplan.ch\/fr\/wp-json\/wp\/v2\/types\/product"}],"replies":[{"embeddable":true,"href":"https:\/\/listings.mybikeplan.ch\/fr\/wp-json\/wp\/v2\/comments?post=22860"}],"wp:featuredmedia":[{"embeddable":true,"href":"https:\/\/listings.mybikeplan.ch\/fr\/wp-json\/wp\/v2\/media\/33923"}],"wp:attachment":[{"href":"https:\/\/listings.mybikeplan.ch\/fr\/wp-json\/wp\/v2\/media?parent=22860"}],"wp:term":[{"taxonomy":"product_brand","embeddable":true,"href":"https:\/\/listings.mybikeplan.ch\/fr\/wp-json\/wp\/v2\/product_brand?post=22860"},{"taxonomy":"product_cat","embeddable":true,"href":"https:\/\/listings.mybikeplan.ch\/fr\/wp-json\/wp\/v2\/product_cat?post=22860"},{"taxonomy":"product_tag","embeddable":true,"href":"https:\/\/listings.mybikeplan.ch\/fr\/wp-json\/wp\/v2\/product_tag?post=22860"}],"curies":[{"name":"wp","href":"https:\/\/api.w.org\/{rel}","templated":true}]}}