{"version":"1.0","provider_name":"MyBikePlan","provider_url":"https:\/\/listings.mybikeplan.ch\/fr\/","author_name":"Sarah Schurtenberger","author_url":"https:\/\/listings.mybikeplan.ch\/fr\/author\/sarah-mybikeplan\/","title":"ReCycle Pro Single","type":"rich","width":600,"height":338,"html":"<blockquote class=\"wp-embedded-content\" data-secret=\"S19PTfknpo\"><a href=\"https:\/\/listings.mybikeplan.ch\/fr\/produit\/recycle-pro-single-braun\/\">Vaude ReCycle Pro Single Brun<\/a><\/blockquote><iframe sandbox=\"allow-scripts\" security=\"restricted\" src=\"https:\/\/listings.mybikeplan.ch\/fr\/produit\/recycle-pro-single-braun\/embed\/#?secret=S19PTfknpo\" width=\"600\" height=\"338\" title=\"\u00ab\u00a0Vaude ReCycle Pro Single Brun\u00a0\u00bb &#8212; MyBikePlan\" data-secret=\"S19PTfknpo\" frameborder=\"0\" marginwidth=\"0\" marginheight=\"0\" scrolling=\"no\" class=\"wp-embedded-content\"><\/iframe><script type=\"text\/javascript\">\n\/* <![CDATA[ *\/\n\/*! This file is auto-generated *\/\n!function(d,l){\"use strict\";l.querySelector&&d.addEventListener&&\"undefined\"!=typeof URL&&(d.wp=d.wp||{},d.wp.receiveEmbedMessage||(d.wp.receiveEmbedMessage=function(e){var t=e.data;if((t||t.secret||t.message||t.value)&&!\/[^a-zA-Z0-9]\/.test(t.secret)){for(var s,r,n,a=l.querySelectorAll('iframe[data-secret=\"'+t.secret+'\"]'),o=l.querySelectorAll('blockquote[data-secret=\"'+t.secret+'\"]'),c=new RegExp(\"^https?:$\",\"i\"),i=0;i<o.length;i++)o[i].style.display=\"none\";for(i=0;i<a.length;i++)s=a[i],e.source===s.contentWindow&&(s.removeAttribute(\"style\"),\"height\"===t.message?(1e3<(r=parseInt(t.value,10))?r=1e3:~~r<200&&(r=200),s.height=r):\"link\"===t.message&&(r=new URL(s.getAttribute(\"src\")),n=new URL(t.value),c.test(n.protocol))&&n.host===r.host&&l.activeElement===s&&(d.top.location.href=t.value))}},d.addEventListener(\"message\",d.wp.receiveEmbedMessage,!1),l.addEventListener(\"DOMContentLoaded\",function(){for(var e,t,s=l.querySelectorAll(\"iframe.wp-embedded-content\"),r=0;r<s.length;r++)(t=(e=s[r]).getAttribute(\"data-secret\"))||(t=Math.random().toString(36).substring(2,12),e.src+=\"#?secret=\"+t,e.setAttribute(\"data-secret\",t)),e.contentWindow.postMessage({message:\"ready\",secret:t},\"*\")},!1)))}(window,document);\n\/* ]]> *\/\n<\/script>\n","thumbnail_url":"https:\/\/listings.mybikeplan.ch\/wp-content\/uploads\/2023\/08\/Vaude-ReCycle-Pro-Single-umbra-360x360-1.jpg","thumbnail_width":360,"thumbnail_height":360,"description":"ReCycle\u00a0Pro - le nom est assez clair et la sacoche incarne la conscience \u00e9cologique! Nos concepteurs ont r\u00e9ussi \u00e0 faire fabriquer tous les composants de fixation dans un plastique recycl\u00e9. La plaque dorsale est compos\u00e9e \u00e0 64 % de mat\u00e9riaux recycl\u00e9s issus des d\u00e9chets m\u00e9nagers. Le mat\u00e9riau robuste du sac, 100 % recycl\u00e9 et d'aspect textile, est enti\u00e8rement exempt de PVC et soud\u00e9 de mani\u00e8re \u00e9tanche. La sacoche tendance au design \u00e9pur\u00e9 est munie d'un rabat qui se referme rapidement et facilement, d\u2019un grand compartiment principal et d\u2019une pochette zipp\u00e9e. La bandouli\u00e8re amovible et les logos r\u00e9fl\u00e9chissants en compl\u00e8tent les caract\u00e9ristiques. La sacoche faisant partie de notre gamme \u00abMade in Germany\u00bb, elle est le fruit d\u2019une fabrication neutre pour le climat en Allemagne au si\u00e8ge de la soci\u00e9t\u00e9. Compris dans la livraison: 1\u00a0sacoche de 22\u00a0l de volume, pouvant se fixer \u00e0 gauche ou \u00e0 droite sur le porte-bagages. Un petit cadenas de v\u00e9lo (p.\u00a0ex. Abus 145\/20) permet de verrouiller la ReCycle Pro directement sur le crochet QMR."}